{"id":5743,"date":"2022-02-24T11:24:17","date_gmt":"2022-02-24T10:24:17","guid":{"rendered":"https:\/\/france-resille.com\/interior-layout-and-decoration\/"},"modified":"2022-02-24T11:24:22","modified_gmt":"2022-02-24T10:24:22","slug":"interior-layout-and-decoration","status":"publish","type":"page","link":"https:\/\/france-resille.com\/en\/interior-layout-and-decoration\/","title":{"rendered":"Interior Layout and Decoration"},"content":{"rendered":"\n<style type=\"text\/css\" data-created_by=\"avia_inline_auto\" id=\"style-css-av-u0rp-cee64af922ec76511d1634fc6e2af856\">\n#top .av-special-heading.av-u0rp-cee64af922ec76511d1634fc6e2af856{\npadding-bottom:10px;\n}\nbody .av-special-heading.av-u0rp-cee64af922ec76511d1634fc6e2af856 .av-special-heading-tag .heading-char{\nfont-size:25px;\n}\n.av-special-heading.av-u0rp-cee64af922ec76511d1634fc6e2af856 .av-subheading{\nfont-size:15px;\n}\n<\/style>\n<div  class='av-special-heading av-u0rp-cee64af922ec76511d1634fc6e2af856 av-special-heading-h1 blockquote modern-quote modern-centered  avia-builder-el-0  el_before_av_one_full  avia-builder-el-first '><h1 class='av-special-heading-tag'  itemprop=\"headline\"  >INTERIOR LAYOUT <span class='special_amp'>&amp;<\/span> DECORATION<\/h1><div class=\"special-heading-border\"><div class=\"special-heading-inner-border\"><\/div><\/div><\/div>\n<div  class='flex_column av-3dmdl-e81ba620f634abdca0467ff896d812c2 av_one_full  avia-builder-el-1  el_after_av_heading  el_before_av_masonry_gallery  avia-builder-el-last  first flex_column_div  '     ><section  class='av_textblock_section av-2oi21-5a68b65e8bd2811e728619760c27f56a '   itemscope=\"itemscope\" itemtype=\"https:\/\/schema.org\/CreativeWork\" ><div class='avia_textblock'  itemprop=\"text\" ><p style=\"text-align: center;\">Noble and authentic material, metal is a decoration solid and timeless value. After cutting, it becomes trendy, original, and can be applied on all products to give them a unique character.<\/p>\n<p style=\"text-align: center;\">Wall cladding, lighting, dividing wall, furniture\u2026 France R\u00e9sille transform all your creative ideas in exceptional decoration!<\/p>\n<\/div><\/section><\/div>\n<div id='av-masonry-1' class='av-masonry av-kzqqplw7-5554709c33c11a8baa44db963c17b94e noHover av-flex-size av-large-gap av-hover-overlay-fade_out av-masonry-animation-active av-masonry-col-5 av-caption-always av-caption-style- av-masonry-gallery ' data-post_id=\"5743\"><div class=\"av-masonry-container isotope av-js-disabled\"><div class='av-masonry-entry isotope-item av-masonry-item-no-image '><\/div><a href=\"https:\/\/france-resille.com\/wp-content\/uploads\/2022\/02\/claustra-separatif-desjo-conception-671x1030.jpg\" data-srcset=\"https:\/\/france-resille.com\/wp-content\/uploads\/2022\/02\/claustra-separatif-desjo-conception-671x1030.jpg 671w, https:\/\/france-resille.com\/wp-content\/uploads\/2022\/02\/claustra-separatif-desjo-conception-195x300.jpg 195w, https:\/\/france-resille.com\/wp-content\/uploads\/2022\/02\/claustra-separatif-desjo-conception-768x1179.jpg 768w, https:\/\/france-resille.com\/wp-content\/uploads\/2022\/02\/claustra-separatif-desjo-conception-459x705.jpg 459w, https:\/\/france-resille.com\/wp-content\/uploads\/2022\/02\/claustra-separatif-desjo-conception.jpg 901w\" data-sizes=\"(max-width: 671px) 100vw, 671px\"  aria-label=\"image claustra-separatif-desjo-conception\"  id='av-masonry-1-item-5086' data-av-masonry-item='5086' class='av-masonry-entry isotope-item post-5086 attachment type-attachment status-inherit hentry  av-masonry-item-with-image' title=\"Claustra s\u00e9paratif en r\u00e9sille \u2013 Architecte d\u00e9corateur : DESJOCONCEPTION \u2013 www.desjoconception.fr\" alt=\"\"    itemprop=\"thumbnailUrl\" ><div class='av-inner-masonry-sizer'><\/div><figure class='av-inner-masonry main_color'><div class=\"av-masonry-outerimage-container\"><div class='av-masonry-image-container'   ><img decoding=\"async\" width=\"459\" height=\"705\" fetchpriority=\"high\" class=\"wp-image-5086 avia-img-lazy-loading-not-5086\"  src=\"https:\/\/france-resille.com\/wp-content\/uploads\/2022\/02\/claustra-separatif-desjo-conception-459x705.jpg\" title=\"Claustra s\u00e9paratif en r\u00e9sille \u2013 Architecte d\u00e9corateur : DESJOCONCEPTION \u2013 www.desjoconception.fr\" alt=\"\" srcset=\"https:\/\/france-resille.com\/wp-content\/uploads\/2022\/02\/claustra-separatif-desjo-conception-459x705.jpg 459w, https:\/\/france-resille.com\/wp-content\/uploads\/2022\/02\/claustra-separatif-desjo-conception-195x300.jpg 195w, https:\/\/france-resille.com\/wp-content\/uploads\/2022\/02\/claustra-separatif-desjo-conception-671x1030.jpg 671w, https:\/\/france-resille.com\/wp-content\/uploads\/2022\/02\/claustra-separatif-desjo-conception-768x1179.jpg 768w, https:\/\/france-resille.com\/wp-content\/uploads\/2022\/02\/claustra-separatif-desjo-conception.jpg 901w\" sizes=\"(max-width: 459px) 100vw, 459px\" \/><\/div><\/div><\/figure><\/a><!--end av-masonry entry--><a href=\"https:\/\/france-resille.com\/wp-content\/uploads\/2022\/02\/dome-resille-mediatheque-ales.jpg\" data-srcset=\"https:\/\/france-resille.com\/wp-content\/uploads\/2022\/02\/dome-resille-mediatheque-ales.jpg 960w, https:\/\/france-resille.com\/wp-content\/uploads\/2022\/02\/dome-resille-mediatheque-ales-300x225.jpg 300w, https:\/\/france-resille.com\/wp-content\/uploads\/2022\/02\/dome-resille-mediatheque-ales-768x576.jpg 768w, https:\/\/france-resille.com\/wp-content\/uploads\/2022\/02\/dome-resille-mediatheque-ales-705x529.jpg 705w\" data-sizes=\"(max-width: 960px) 100vw, 960px\"  aria-label=\"image Dome r\u00e9sille M\u00e9diatheque Al\u00e8s\"  id='av-masonry-1-item-5088' data-av-masonry-item='5088' class='av-masonry-entry isotope-item post-5088 attachment type-attachment status-inherit hentry  av-masonry-item-with-image' title=\"Habillage d\u2019un d\u00f4me en r\u00e9sille \u2013 M\u00e9diath\u00e8que d\u2019Al\u00e8s \u2013 Architecte : Herv\u00e9 REDARES\" alt=\"\"    itemprop=\"thumbnailUrl\" ><div class='av-inner-masonry-sizer'><\/div><figure class='av-inner-masonry main_color'><div class=\"av-masonry-outerimage-container\"><div class='av-masonry-image-container'   ><img decoding=\"async\" width=\"705\" height=\"529\" fetchpriority=\"high\" class=\"wp-image-5088 avia-img-lazy-loading-not-5088\"  src=\"https:\/\/france-resille.com\/wp-content\/uploads\/2022\/02\/dome-resille-mediatheque-ales-705x529.jpg\" title=\"Habillage d\u2019un d\u00f4me en r\u00e9sille \u2013 M\u00e9diath\u00e8que d\u2019Al\u00e8s \u2013 Architecte : Herv\u00e9 REDARES\" alt=\"\" srcset=\"https:\/\/france-resille.com\/wp-content\/uploads\/2022\/02\/dome-resille-mediatheque-ales-705x529.jpg 705w, https:\/\/france-resille.com\/wp-content\/uploads\/2022\/02\/dome-resille-mediatheque-ales-300x225.jpg 300w, https:\/\/france-resille.com\/wp-content\/uploads\/2022\/02\/dome-resille-mediatheque-ales-768x576.jpg 768w, https:\/\/france-resille.com\/wp-content\/uploads\/2022\/02\/dome-resille-mediatheque-ales.jpg 960w\" sizes=\"(max-width: 705px) 100vw, 705px\" \/><\/div><\/div><\/figure><\/a><!--end av-masonry entry--><a href=\"https:\/\/france-resille.com\/wp-content\/uploads\/2022\/02\/habillage-bar-escalier-1030x773.jpg\" data-srcset=\"https:\/\/france-resille.com\/wp-content\/uploads\/2022\/02\/habillage-bar-escalier-1030x773.jpg 1030w, https:\/\/france-resille.com\/wp-content\/uploads\/2022\/02\/habillage-bar-escalier-300x225.jpg 300w, https:\/\/france-resille.com\/wp-content\/uploads\/2022\/02\/habillage-bar-escalier-768x576.jpg 768w, https:\/\/france-resille.com\/wp-content\/uploads\/2022\/02\/habillage-bar-escalier-1536x1152.jpg 1536w, https:\/\/france-resille.com\/wp-content\/uploads\/2022\/02\/habillage-bar-escalier-1500x1125.jpg 1500w, https:\/\/france-resille.com\/wp-content\/uploads\/2022\/02\/habillage-bar-escalier-705x529.jpg 705w, https:\/\/france-resille.com\/wp-content\/uploads\/2022\/02\/habillage-bar-escalier.jpg 1920w\" data-sizes=\"(max-width: 1030px) 100vw, 1030px\"  aria-label=\"image habillage-bar-escalier\"  id='av-masonry-1-item-5096' data-av-masonry-item='5096' class='av-masonry-entry isotope-item post-5096 attachment type-attachment status-inherit hentry  av-masonry-item-with-image' title=\"Habillage bar et escaliers \u2013 Saint Martin\" alt=\"\"    itemprop=\"thumbnailUrl\" ><div class='av-inner-masonry-sizer'><\/div><figure class='av-inner-masonry main_color'><div class=\"av-masonry-outerimage-container\"><div class='av-masonry-image-container'   ><img decoding=\"async\" width=\"705\" height=\"529\" fetchpriority=\"high\" class=\"wp-image-5096 avia-img-lazy-loading-not-5096\"  src=\"https:\/\/france-resille.com\/wp-content\/uploads\/2022\/02\/habillage-bar-escalier-705x529.jpg\" title=\"Habillage bar et escaliers \u2013 Saint Martin\" alt=\"\" srcset=\"https:\/\/france-resille.com\/wp-content\/uploads\/2022\/02\/habillage-bar-escalier-705x529.jpg 705w, https:\/\/france-resille.com\/wp-content\/uploads\/2022\/02\/habillage-bar-escalier-300x225.jpg 300w, https:\/\/france-resille.com\/wp-content\/uploads\/2022\/02\/habillage-bar-escalier-1030x773.jpg 1030w, https:\/\/france-resille.com\/wp-content\/uploads\/2022\/02\/habillage-bar-escalier-768x576.jpg 768w, https:\/\/france-resille.com\/wp-content\/uploads\/2022\/02\/habillage-bar-escalier-1536x1152.jpg 1536w, https:\/\/france-resille.com\/wp-content\/uploads\/2022\/02\/habillage-bar-escalier-1500x1125.jpg 1500w, https:\/\/france-resille.com\/wp-content\/uploads\/2022\/02\/habillage-bar-escalier.jpg 1920w\" sizes=\"(max-width: 705px) 100vw, 705px\" \/><\/div><\/div><\/figure><\/a><!--end av-masonry entry--><a href=\"https:\/\/france-resille.com\/wp-content\/uploads\/2022\/02\/bureaux-paris-la-boetie-habillage-interieur-deco-1-1030x775.jpg\" data-srcset=\"https:\/\/france-resille.com\/wp-content\/uploads\/2022\/02\/bureaux-paris-la-boetie-habillage-interieur-deco-1-1030x775.jpg 1030w, https:\/\/france-resille.com\/wp-content\/uploads\/2022\/02\/bureaux-paris-la-boetie-habillage-interieur-deco-1-300x226.jpg 300w, https:\/\/france-resille.com\/wp-content\/uploads\/2022\/02\/bureaux-paris-la-boetie-habillage-interieur-deco-1-768x578.jpg 768w, https:\/\/france-resille.com\/wp-content\/uploads\/2022\/02\/bureaux-paris-la-boetie-habillage-interieur-deco-1-1536x1156.jpg 1536w, https:\/\/france-resille.com\/wp-content\/uploads\/2022\/02\/bureaux-paris-la-boetie-habillage-interieur-deco-1-1500x1129.jpg 1500w, https:\/\/france-resille.com\/wp-content\/uploads\/2022\/02\/bureaux-paris-la-boetie-habillage-interieur-deco-1-705x531.jpg 705w, https:\/\/france-resille.com\/wp-content\/uploads\/2022\/02\/bureaux-paris-la-boetie-habillage-interieur-deco-1.jpg 1920w\" data-sizes=\"(max-width: 1030px) 100vw, 1030px\"  aria-label=\"image Bureaux-Paris-La-Boetie-habillage-interieur-deco-1\"  id='av-masonry-1-item-5076' data-av-masonry-item='5076' class='av-masonry-entry isotope-item post-5076 attachment type-attachment status-inherit hentry  av-masonry-item-with-image' title=\"Bureaux, habillage mural int\u00e9rieur \u2013 Paris, La Boetie \u2013 Architecte : DTACC\" alt=\"\"    itemprop=\"thumbnailUrl\" ><div class='av-inner-masonry-sizer'><\/div><figure class='av-inner-masonry main_color'><div class=\"av-masonry-outerimage-container\"><div class='av-masonry-image-container'   ><img decoding=\"async\" width=\"705\" height=\"531\" fetchpriority=\"high\" class=\"wp-image-5076 avia-img-lazy-loading-not-5076\"  src=\"https:\/\/france-resille.com\/wp-content\/uploads\/2022\/02\/bureaux-paris-la-boetie-habillage-interieur-deco-1-705x531.jpg\" title=\"Bureaux, habillage mural int\u00e9rieur \u2013 Paris, La Boetie \u2013 Architecte : DTACC\" alt=\"\" srcset=\"https:\/\/france-resille.com\/wp-content\/uploads\/2022\/02\/bureaux-paris-la-boetie-habillage-interieur-deco-1-705x531.jpg 705w, https:\/\/france-resille.com\/wp-content\/uploads\/2022\/02\/bureaux-paris-la-boetie-habillage-interieur-deco-1-300x226.jpg 300w, https:\/\/france-resille.com\/wp-content\/uploads\/2022\/02\/bureaux-paris-la-boetie-habillage-interieur-deco-1-1030x775.jpg 1030w, https:\/\/france-resille.com\/wp-content\/uploads\/2022\/02\/bureaux-paris-la-boetie-habillage-interieur-deco-1-768x578.jpg 768w, https:\/\/france-resille.com\/wp-content\/uploads\/2022\/02\/bureaux-paris-la-boetie-habillage-interieur-deco-1-1536x1156.jpg 1536w, https:\/\/france-resille.com\/wp-content\/uploads\/2022\/02\/bureaux-paris-la-boetie-habillage-interieur-deco-1-1500x1129.jpg 1500w, https:\/\/france-resille.com\/wp-content\/uploads\/2022\/02\/bureaux-paris-la-boetie-habillage-interieur-deco-1.jpg 1920w\" sizes=\"(max-width: 705px) 100vw, 705px\" \/><\/div><\/div><\/figure><\/a><!--end av-masonry entry--><a href=\"https:\/\/france-resille.com\/wp-content\/uploads\/2022\/02\/bureaux-paris-la-boetie-habillage-interieur-deco-2-1030x543.jpg\" data-srcset=\"https:\/\/france-resille.com\/wp-content\/uploads\/2022\/02\/bureaux-paris-la-boetie-habillage-interieur-deco-2-1030x543.jpg 1030w, https:\/\/france-resille.com\/wp-content\/uploads\/2022\/02\/bureaux-paris-la-boetie-habillage-interieur-deco-2-300x158.jpg 300w, https:\/\/france-resille.com\/wp-content\/uploads\/2022\/02\/bureaux-paris-la-boetie-habillage-interieur-deco-2-768x405.jpg 768w, https:\/\/france-resille.com\/wp-content\/uploads\/2022\/02\/bureaux-paris-la-boetie-habillage-interieur-deco-2-1536x810.jpg 1536w, https:\/\/france-resille.com\/wp-content\/uploads\/2022\/02\/bureaux-paris-la-boetie-habillage-interieur-deco-2-1500x791.jpg 1500w, https:\/\/france-resille.com\/wp-content\/uploads\/2022\/02\/bureaux-paris-la-boetie-habillage-interieur-deco-2-710x375.jpg 710w, https:\/\/france-resille.com\/wp-content\/uploads\/2022\/02\/bureaux-paris-la-boetie-habillage-interieur-deco-2-705x372.jpg 705w, https:\/\/france-resille.com\/wp-content\/uploads\/2022\/02\/bureaux-paris-la-boetie-habillage-interieur-deco-2.jpg 1920w\" data-sizes=\"(max-width: 1030px) 100vw, 1030px\"  aria-label=\"image Bureaux-Paris-La-Boetie-habillage-interieur-deco-2\"  id='av-masonry-1-item-5078' data-av-masonry-item='5078' class='av-masonry-entry isotope-item post-5078 attachment type-attachment status-inherit hentry  av-masonry-item-with-image' title=\"Bureaux, habillage mural int\u00e9rieur \u2013 Paris, La Boetie \u2013 Architecte : DTACC\" alt=\"\"    itemprop=\"thumbnailUrl\" ><div class='av-inner-masonry-sizer'><\/div><figure class='av-inner-masonry main_color'><div class=\"av-masonry-outerimage-container\"><div class='av-masonry-image-container'   ><img decoding=\"async\" width=\"705\" height=\"372\" fetchpriority=\"high\" class=\"wp-image-5078 avia-img-lazy-loading-not-5078\"  src=\"https:\/\/france-resille.com\/wp-content\/uploads\/2022\/02\/bureaux-paris-la-boetie-habillage-interieur-deco-2-705x372.jpg\" title=\"Bureaux, habillage mural int\u00e9rieur \u2013 Paris, La Boetie \u2013 Architecte : DTACC\" alt=\"\" srcset=\"https:\/\/france-resille.com\/wp-content\/uploads\/2022\/02\/bureaux-paris-la-boetie-habillage-interieur-deco-2-705x372.jpg 705w, https:\/\/france-resille.com\/wp-content\/uploads\/2022\/02\/bureaux-paris-la-boetie-habillage-interieur-deco-2-300x158.jpg 300w, https:\/\/france-resille.com\/wp-content\/uploads\/2022\/02\/bureaux-paris-la-boetie-habillage-interieur-deco-2-1030x543.jpg 1030w, https:\/\/france-resille.com\/wp-content\/uploads\/2022\/02\/bureaux-paris-la-boetie-habillage-interieur-deco-2-768x405.jpg 768w, https:\/\/france-resille.com\/wp-content\/uploads\/2022\/02\/bureaux-paris-la-boetie-habillage-interieur-deco-2-1536x810.jpg 1536w, https:\/\/france-resille.com\/wp-content\/uploads\/2022\/02\/bureaux-paris-la-boetie-habillage-interieur-deco-2-1500x791.jpg 1500w, https:\/\/france-resille.com\/wp-content\/uploads\/2022\/02\/bureaux-paris-la-boetie-habillage-interieur-deco-2-710x375.jpg 710w, https:\/\/france-resille.com\/wp-content\/uploads\/2022\/02\/bureaux-paris-la-boetie-habillage-interieur-deco-2.jpg 1920w\" sizes=\"(max-width: 705px) 100vw, 705px\" \/><\/div><\/div><\/figure><\/a><!--end av-masonry entry--><a href=\"https:\/\/france-resille.com\/wp-content\/uploads\/2022\/02\/porte-coulissante-poissons-marseille-1030x722.jpg\" data-srcset=\"https:\/\/france-resille.com\/wp-content\/uploads\/2022\/02\/porte-coulissante-poissons-marseille-1030x722.jpg 1030w, https:\/\/france-resille.com\/wp-content\/uploads\/2022\/02\/porte-coulissante-poissons-marseille-300x210.jpg 300w, https:\/\/france-resille.com\/wp-content\/uploads\/2022\/02\/porte-coulissante-poissons-marseille-768x538.jpg 768w, https:\/\/france-resille.com\/wp-content\/uploads\/2022\/02\/porte-coulissante-poissons-marseille-1536x1076.jpg 1536w, https:\/\/france-resille.com\/wp-content\/uploads\/2022\/02\/porte-coulissante-poissons-marseille-1500x1051.jpg 1500w, https:\/\/france-resille.com\/wp-content\/uploads\/2022\/02\/porte-coulissante-poissons-marseille-705x494.jpg 705w, https:\/\/france-resille.com\/wp-content\/uploads\/2022\/02\/porte-coulissante-poissons-marseille.jpg 1827w\" data-sizes=\"(max-width: 1030px) 100vw, 1030px\"  aria-label=\"image porte-coulissante-poissons-marseille\"  id='av-masonry-1-item-5128' data-av-masonry-item='5128' class='av-masonry-entry isotope-item post-5128 attachment type-attachment status-inherit hentry  av-masonry-item-with-image' title=\"Porte Coulissante \u2013 Design d\u2019int\u00e9rieur : Martine Codaccioni\" alt=\"\"    itemprop=\"thumbnailUrl\" ><div class='av-inner-masonry-sizer'><\/div><figure class='av-inner-masonry main_color'><div class=\"av-masonry-outerimage-container\"><div class='av-masonry-image-container'   ><img decoding=\"async\" width=\"705\" height=\"494\" fetchpriority=\"high\" class=\"wp-image-5128 avia-img-lazy-loading-not-5128\"  src=\"https:\/\/france-resille.com\/wp-content\/uploads\/2022\/02\/porte-coulissante-poissons-marseille-705x494.jpg\" title=\"Porte Coulissante \u2013 Design d\u2019int\u00e9rieur : Martine Codaccioni\" alt=\"\" srcset=\"https:\/\/france-resille.com\/wp-content\/uploads\/2022\/02\/porte-coulissante-poissons-marseille-705x494.jpg 705w, https:\/\/france-resille.com\/wp-content\/uploads\/2022\/02\/porte-coulissante-poissons-marseille-300x210.jpg 300w, https:\/\/france-resille.com\/wp-content\/uploads\/2022\/02\/porte-coulissante-poissons-marseille-1030x722.jpg 1030w, https:\/\/france-resille.com\/wp-content\/uploads\/2022\/02\/porte-coulissante-poissons-marseille-768x538.jpg 768w, https:\/\/france-resille.com\/wp-content\/uploads\/2022\/02\/porte-coulissante-poissons-marseille-1536x1076.jpg 1536w, https:\/\/france-resille.com\/wp-content\/uploads\/2022\/02\/porte-coulissante-poissons-marseille-1500x1051.jpg 1500w, https:\/\/france-resille.com\/wp-content\/uploads\/2022\/02\/porte-coulissante-poissons-marseille.jpg 1827w\" sizes=\"(max-width: 705px) 100vw, 705px\" \/><\/div><\/div><\/figure><\/a><!--end av-masonry entry--><a href=\"https:\/\/france-resille.com\/wp-content\/uploads\/2022\/02\/caisse-epargne-iledefrance-deco-1030x807.jpg\" data-srcset=\"https:\/\/france-resille.com\/wp-content\/uploads\/2022\/02\/caisse-epargne-iledefrance-deco-1030x807.jpg 1030w, https:\/\/france-resille.com\/wp-content\/uploads\/2022\/02\/caisse-epargne-iledefrance-deco-300x235.jpg 300w, https:\/\/france-resille.com\/wp-content\/uploads\/2022\/02\/caisse-epargne-iledefrance-deco-768x602.jpg 768w, https:\/\/france-resille.com\/wp-content\/uploads\/2022\/02\/caisse-epargne-iledefrance-deco-1536x1204.jpg 1536w, https:\/\/france-resille.com\/wp-content\/uploads\/2022\/02\/caisse-epargne-iledefrance-deco-1500x1176.jpg 1500w, https:\/\/france-resille.com\/wp-content\/uploads\/2022\/02\/caisse-epargne-iledefrance-deco-705x553.jpg 705w, https:\/\/france-resille.com\/wp-content\/uploads\/2022\/02\/caisse-epargne-iledefrance-deco.jpg 1920w\" data-sizes=\"(max-width: 1030px) 100vw, 1030px\"  aria-label=\"image caisse-epargne-iledefrance-deco\"  id='av-masonry-1-item-5084' data-av-masonry-item='5084' class='av-masonry-entry isotope-item post-5084 attachment type-attachment status-inherit hentry  av-masonry-item-with-image' title=\"Caisse d\u2019Epargne Ile de France \u2013 Habillage mural int\u00e9rieur \u2013 Architecte : Armelle TARENNE\" alt=\"\"    itemprop=\"thumbnailUrl\" ><div class='av-inner-masonry-sizer'><\/div><figure class='av-inner-masonry main_color'><div class=\"av-masonry-outerimage-container\"><div class='av-masonry-image-container'   ><img decoding=\"async\" width=\"705\" height=\"553\" fetchpriority=\"high\" class=\"wp-image-5084 avia-img-lazy-loading-not-5084\"  src=\"https:\/\/france-resille.com\/wp-content\/uploads\/2022\/02\/caisse-epargne-iledefrance-deco-705x553.jpg\" title=\"Caisse d\u2019Epargne Ile de France \u2013 Habillage mural int\u00e9rieur \u2013 Architecte : Armelle TARENNE\" alt=\"\" srcset=\"https:\/\/france-resille.com\/wp-content\/uploads\/2022\/02\/caisse-epargne-iledefrance-deco-705x553.jpg 705w, https:\/\/france-resille.com\/wp-content\/uploads\/2022\/02\/caisse-epargne-iledefrance-deco-300x235.jpg 300w, https:\/\/france-resille.com\/wp-content\/uploads\/2022\/02\/caisse-epargne-iledefrance-deco-1030x807.jpg 1030w, https:\/\/france-resille.com\/wp-content\/uploads\/2022\/02\/caisse-epargne-iledefrance-deco-768x602.jpg 768w, https:\/\/france-resille.com\/wp-content\/uploads\/2022\/02\/caisse-epargne-iledefrance-deco-1536x1204.jpg 1536w, https:\/\/france-resille.com\/wp-content\/uploads\/2022\/02\/caisse-epargne-iledefrance-deco-1500x1176.jpg 1500w, https:\/\/france-resille.com\/wp-content\/uploads\/2022\/02\/caisse-epargne-iledefrance-deco.jpg 1920w\" sizes=\"(max-width: 705px) 100vw, 705px\" \/><\/div><\/div><\/figure><\/a><!--end av-masonry entry--><a href=\"https:\/\/france-resille.com\/wp-content\/uploads\/2022\/02\/mobilis-societe-generale-2-724x1030.jpg\" data-srcset=\"https:\/\/france-resille.com\/wp-content\/uploads\/2022\/02\/mobilis-societe-generale-2-724x1030.jpg 724w, https:\/\/france-resille.com\/wp-content\/uploads\/2022\/02\/mobilis-societe-generale-2-211x300.jpg 211w, https:\/\/france-resille.com\/wp-content\/uploads\/2022\/02\/mobilis-societe-generale-2-768x1093.jpg 768w, https:\/\/france-resille.com\/wp-content\/uploads\/2022\/02\/mobilis-societe-generale-2-1079x1536.jpg 1079w, https:\/\/france-resille.com\/wp-content\/uploads\/2022\/02\/mobilis-societe-generale-2-1054x1500.jpg 1054w, https:\/\/france-resille.com\/wp-content\/uploads\/2022\/02\/mobilis-societe-generale-2-495x705.jpg 495w, https:\/\/france-resille.com\/wp-content\/uploads\/2022\/02\/mobilis-societe-generale-2.jpg 1349w\" data-sizes=\"(max-width: 724px) 100vw, 724px\"  aria-label=\"image Mobilis Societe Generale 2\"  id='av-masonry-1-item-5110' data-av-masonry-item='5110' class='av-masonry-entry isotope-item post-5110 attachment type-attachment status-inherit hentry  av-masonry-item-with-image' title=\"Bureaux Mobilis Soci\u00e9t\u00e9 G\u00e9n\u00e9rale \u2013 Luxembourg \u2013 Entreprise : SAGA Agencement\" alt=\"\"    itemprop=\"thumbnailUrl\" ><div class='av-inner-masonry-sizer'><\/div><figure class='av-inner-masonry main_color'><div class=\"av-masonry-outerimage-container\"><div class='av-masonry-image-container'   ><img decoding=\"async\" width=\"495\" height=\"705\" fetchpriority=\"high\" class=\"wp-image-5110 avia-img-lazy-loading-not-5110\"  src=\"https:\/\/france-resille.com\/wp-content\/uploads\/2022\/02\/mobilis-societe-generale-2-495x705.jpg\" title=\"Bureaux Mobilis Soci\u00e9t\u00e9 G\u00e9n\u00e9rale \u2013 Luxembourg \u2013 Entreprise : SAGA Agencement\" alt=\"\" srcset=\"https:\/\/france-resille.com\/wp-content\/uploads\/2022\/02\/mobilis-societe-generale-2-495x705.jpg 495w, https:\/\/france-resille.com\/wp-content\/uploads\/2022\/02\/mobilis-societe-generale-2-211x300.jpg 211w, https:\/\/france-resille.com\/wp-content\/uploads\/2022\/02\/mobilis-societe-generale-2-724x1030.jpg 724w, https:\/\/france-resille.com\/wp-content\/uploads\/2022\/02\/mobilis-societe-generale-2-768x1093.jpg 768w, https:\/\/france-resille.com\/wp-content\/uploads\/2022\/02\/mobilis-societe-generale-2-1079x1536.jpg 1079w, https:\/\/france-resille.com\/wp-content\/uploads\/2022\/02\/mobilis-societe-generale-2-1054x1500.jpg 1054w, https:\/\/france-resille.com\/wp-content\/uploads\/2022\/02\/mobilis-societe-generale-2.jpg 1349w\" sizes=\"(max-width: 495px) 100vw, 495px\" \/><\/div><\/div><\/figure><\/a><!--end av-masonry entry--><a href=\"https:\/\/france-resille.com\/wp-content\/uploads\/2022\/02\/mobilis-societe-generale-1-1030x695.jpg\" data-srcset=\"https:\/\/france-resille.com\/wp-content\/uploads\/2022\/02\/mobilis-societe-generale-1-1030x695.jpg 1030w, https:\/\/france-resille.com\/wp-content\/uploads\/2022\/02\/mobilis-societe-generale-1-300x203.jpg 300w, https:\/\/france-resille.com\/wp-content\/uploads\/2022\/02\/mobilis-societe-generale-1-768x518.jpg 768w, https:\/\/france-resille.com\/wp-content\/uploads\/2022\/02\/mobilis-societe-generale-1-1536x1037.jpg 1536w, https:\/\/france-resille.com\/wp-content\/uploads\/2022\/02\/mobilis-societe-generale-1-1500x1013.jpg 1500w, https:\/\/france-resille.com\/wp-content\/uploads\/2022\/02\/mobilis-societe-generale-1-705x476.jpg 705w, https:\/\/france-resille.com\/wp-content\/uploads\/2022\/02\/mobilis-societe-generale-1.jpg 1920w\" data-sizes=\"(max-width: 1030px) 100vw, 1030px\"  aria-label=\"image Mobilis Societe Generale 1\"  id='av-masonry-1-item-5108' data-av-masonry-item='5108' class='av-masonry-entry isotope-item post-5108 attachment type-attachment status-inherit hentry  av-masonry-item-with-image' title=\"Bureaux Mobilis Soci\u00e9t\u00e9 G\u00e9n\u00e9rale \u2013 Luxembourg \u2013 Entreprise : SAGA Agencement\" alt=\"\"    itemprop=\"thumbnailUrl\" ><div class='av-inner-masonry-sizer'><\/div><figure class='av-inner-masonry main_color'><div class=\"av-masonry-outerimage-container\"><div class='av-masonry-image-container'   ><img decoding=\"async\" width=\"705\" height=\"476\" fetchpriority=\"high\" class=\"wp-image-5108 avia-img-lazy-loading-not-5108\"  src=\"https:\/\/france-resille.com\/wp-content\/uploads\/2022\/02\/mobilis-societe-generale-1-705x476.jpg\" title=\"Bureaux Mobilis Soci\u00e9t\u00e9 G\u00e9n\u00e9rale \u2013 Luxembourg \u2013 Entreprise : SAGA Agencement\" alt=\"\" srcset=\"https:\/\/france-resille.com\/wp-content\/uploads\/2022\/02\/mobilis-societe-generale-1-705x476.jpg 705w, https:\/\/france-resille.com\/wp-content\/uploads\/2022\/02\/mobilis-societe-generale-1-300x203.jpg 300w, https:\/\/france-resille.com\/wp-content\/uploads\/2022\/02\/mobilis-societe-generale-1-1030x695.jpg 1030w, https:\/\/france-resille.com\/wp-content\/uploads\/2022\/02\/mobilis-societe-generale-1-768x518.jpg 768w, https:\/\/france-resille.com\/wp-content\/uploads\/2022\/02\/mobilis-societe-generale-1-1536x1037.jpg 1536w, https:\/\/france-resille.com\/wp-content\/uploads\/2022\/02\/mobilis-societe-generale-1-1500x1013.jpg 1500w, https:\/\/france-resille.com\/wp-content\/uploads\/2022\/02\/mobilis-societe-generale-1.jpg 1920w\" sizes=\"(max-width: 705px) 100vw, 705px\" \/><\/div><\/div><\/figure><\/a><!--end av-masonry entry--><a href=\"https:\/\/france-resille.com\/wp-content\/uploads\/2022\/02\/cache-radiateur-ondes-1030x704.jpg\" data-srcset=\"https:\/\/france-resille.com\/wp-content\/uploads\/2022\/02\/cache-radiateur-ondes-1030x704.jpg 1030w, https:\/\/france-resille.com\/wp-content\/uploads\/2022\/02\/cache-radiateur-ondes-300x205.jpg 300w, https:\/\/france-resille.com\/wp-content\/uploads\/2022\/02\/cache-radiateur-ondes-768x525.jpg 768w, https:\/\/france-resille.com\/wp-content\/uploads\/2022\/02\/cache-radiateur-ondes-1536x1050.jpg 1536w, https:\/\/france-resille.com\/wp-content\/uploads\/2022\/02\/cache-radiateur-ondes-1500x1025.jpg 1500w, https:\/\/france-resille.com\/wp-content\/uploads\/2022\/02\/cache-radiateur-ondes-705x482.jpg 705w, https:\/\/france-resille.com\/wp-content\/uploads\/2022\/02\/cache-radiateur-ondes.jpg 1920w\" data-sizes=\"(max-width: 1030px) 100vw, 1030px\"  aria-label=\"image cache-radiateur-ondes\"  id='av-masonry-1-item-5082' data-av-masonry-item='5082' class='av-masonry-entry isotope-item post-5082 attachment type-attachment status-inherit hentry  av-masonry-item-with-image' title=\"Cache radiateur motif Ondes\" alt=\"\"    itemprop=\"thumbnailUrl\" ><div class='av-inner-masonry-sizer'><\/div><figure class='av-inner-masonry main_color'><div class=\"av-masonry-outerimage-container\"><div class='av-masonry-image-container'   ><img decoding=\"async\" width=\"705\" height=\"482\" fetchpriority=\"high\" class=\"wp-image-5082 avia-img-lazy-loading-not-5082\"  src=\"https:\/\/france-resille.com\/wp-content\/uploads\/2022\/02\/cache-radiateur-ondes-705x482.jpg\" title=\"Cache radiateur motif Ondes\" alt=\"\" srcset=\"https:\/\/france-resille.com\/wp-content\/uploads\/2022\/02\/cache-radiateur-ondes-705x482.jpg 705w, https:\/\/france-resille.com\/wp-content\/uploads\/2022\/02\/cache-radiateur-ondes-300x205.jpg 300w, https:\/\/france-resille.com\/wp-content\/uploads\/2022\/02\/cache-radiateur-ondes-1030x704.jpg 1030w, https:\/\/france-resille.com\/wp-content\/uploads\/2022\/02\/cache-radiateur-ondes-768x525.jpg 768w, https:\/\/france-resille.com\/wp-content\/uploads\/2022\/02\/cache-radiateur-ondes-1536x1050.jpg 1536w, https:\/\/france-resille.com\/wp-content\/uploads\/2022\/02\/cache-radiateur-ondes-1500x1025.jpg 1500w, https:\/\/france-resille.com\/wp-content\/uploads\/2022\/02\/cache-radiateur-ondes.jpg 1920w\" sizes=\"(max-width: 705px) 100vw, 705px\" \/><\/div><\/div><\/figure><\/a><!--end av-masonry entry--><a href=\"https:\/\/france-resille.com\/wp-content\/uploads\/2022\/02\/gde_hall_centre-1030x633.jpg\" data-srcset=\"https:\/\/france-resille.com\/wp-content\/uploads\/2022\/02\/gde_hall_centre-1030x633.jpg 1030w, https:\/\/france-resille.com\/wp-content\/uploads\/2022\/02\/gde_hall_centre-300x184.jpg 300w, https:\/\/france-resille.com\/wp-content\/uploads\/2022\/02\/gde_hall_centre-768x472.jpg 768w, https:\/\/france-resille.com\/wp-content\/uploads\/2022\/02\/gde_hall_centre-705x433.jpg 705w, https:\/\/france-resille.com\/wp-content\/uploads\/2022\/02\/gde_hall_centre.jpg 1078w\" data-sizes=\"(max-width: 1030px) 100vw, 1030px\"  aria-label=\"image GDE_hall_centr\u00e9\"  id='av-masonry-1-item-5090' data-av-masonry-item='5090' class='av-masonry-entry isotope-item post-5090 attachment type-attachment status-inherit hentry  av-masonry-item-with-image' title=\"Holiday Inn Gare de l\u2019Est Paris \u2013 S\u00e9paration d\u00e9corative double peau \u2013 \u00a9 AS architectes \u2013 Luc Boegly\" alt=\"\"    itemprop=\"thumbnailUrl\" ><div class='av-inner-masonry-sizer'><\/div><figure class='av-inner-masonry main_color'><div class=\"av-masonry-outerimage-container\"><div class='av-masonry-image-container'   ><img decoding=\"async\" width=\"705\" height=\"433\" fetchpriority=\"high\" class=\"wp-image-5090 avia-img-lazy-loading-not-5090\"  src=\"https:\/\/france-resille.com\/wp-content\/uploads\/2022\/02\/gde_hall_centre-705x433.jpg\" title=\"Holiday Inn Gare de l\u2019Est Paris \u2013 S\u00e9paration d\u00e9corative double peau \u2013 \u00a9 AS architectes \u2013 Luc Boegly\" alt=\"\" srcset=\"https:\/\/france-resille.com\/wp-content\/uploads\/2022\/02\/gde_hall_centre-705x433.jpg 705w, https:\/\/france-resille.com\/wp-content\/uploads\/2022\/02\/gde_hall_centre-300x184.jpg 300w, https:\/\/france-resille.com\/wp-content\/uploads\/2022\/02\/gde_hall_centre-1030x633.jpg 1030w, https:\/\/france-resille.com\/wp-content\/uploads\/2022\/02\/gde_hall_centre-768x472.jpg 768w, https:\/\/france-resille.com\/wp-content\/uploads\/2022\/02\/gde_hall_centre.jpg 1078w\" sizes=\"(max-width: 705px) 100vw, 705px\" \/><\/div><\/div><\/figure><\/a><!--end av-masonry entry--><a href=\"https:\/\/france-resille.com\/wp-content\/uploads\/2022\/02\/gde_restaurant_bleu-1030x793.jpg\" data-srcset=\"https:\/\/france-resille.com\/wp-content\/uploads\/2022\/02\/gde_restaurant_bleu-1030x793.jpg 1030w, https:\/\/france-resille.com\/wp-content\/uploads\/2022\/02\/gde_restaurant_bleu-300x231.jpg 300w, https:\/\/france-resille.com\/wp-content\/uploads\/2022\/02\/gde_restaurant_bleu-768x591.jpg 768w, https:\/\/france-resille.com\/wp-content\/uploads\/2022\/02\/gde_restaurant_bleu-705x543.jpg 705w, https:\/\/france-resille.com\/wp-content\/uploads\/2022\/02\/gde_restaurant_bleu.jpg 1181w\" data-sizes=\"(max-width: 1030px) 100vw, 1030px\"  aria-label=\"image GDE_restaurant_bleu\"  id='av-masonry-1-item-5092' data-av-masonry-item='5092' class='av-masonry-entry isotope-item post-5092 attachment type-attachment status-inherit hentry  av-masonry-item-with-image' title=\"Holiday Inn Gare de l\u2019Est Paris \u2013 S\u00e9paration d\u00e9corative double peau \u2013 \u00a9 AS architectes \u2013 Luc Boegly\" alt=\"\"    itemprop=\"thumbnailUrl\" ><div class='av-inner-masonry-sizer'><\/div><figure class='av-inner-masonry main_color'><div class=\"av-masonry-outerimage-container\"><div class='av-masonry-image-container'   ><img decoding=\"async\" width=\"705\" height=\"543\" fetchpriority=\"high\" class=\"wp-image-5092 avia-img-lazy-loading-not-5092\"  src=\"https:\/\/france-resille.com\/wp-content\/uploads\/2022\/02\/gde_restaurant_bleu-705x543.jpg\" title=\"Holiday Inn Gare de l\u2019Est Paris \u2013 S\u00e9paration d\u00e9corative double peau \u2013 \u00a9 AS architectes \u2013 Luc Boegly\" alt=\"\" srcset=\"https:\/\/france-resille.com\/wp-content\/uploads\/2022\/02\/gde_restaurant_bleu-705x543.jpg 705w, https:\/\/france-resille.com\/wp-content\/uploads\/2022\/02\/gde_restaurant_bleu-300x231.jpg 300w, https:\/\/france-resille.com\/wp-content\/uploads\/2022\/02\/gde_restaurant_bleu-1030x793.jpg 1030w, https:\/\/france-resille.com\/wp-content\/uploads\/2022\/02\/gde_restaurant_bleu-768x591.jpg 768w, https:\/\/france-resille.com\/wp-content\/uploads\/2022\/02\/gde_restaurant_bleu.jpg 1181w\" sizes=\"(max-width: 705px) 100vw, 705px\" \/><\/div><\/div><\/figure><\/a><!--end av-masonry entry--><a href=\"https:\/\/france-resille.com\/wp-content\/uploads\/2022\/02\/gde_restaurant_jaune-1030x618.jpg\" data-srcset=\"https:\/\/france-resille.com\/wp-content\/uploads\/2022\/02\/gde_restaurant_jaune-1030x618.jpg 1030w, https:\/\/france-resille.com\/wp-content\/uploads\/2022\/02\/gde_restaurant_jaune-300x180.jpg 300w, https:\/\/france-resille.com\/wp-content\/uploads\/2022\/02\/gde_restaurant_jaune-768x461.jpg 768w, https:\/\/france-resille.com\/wp-content\/uploads\/2022\/02\/gde_restaurant_jaune-705x423.jpg 705w, https:\/\/france-resille.com\/wp-content\/uploads\/2022\/02\/gde_restaurant_jaune.jpg 1328w\" data-sizes=\"(max-width: 1030px) 100vw, 1030px\"  aria-label=\"image GDE_restaurant_jaune\"  id='av-masonry-1-item-5094' data-av-masonry-item='5094' class='av-masonry-entry isotope-item post-5094 attachment type-attachment status-inherit hentry  av-masonry-item-with-image' title=\"Holiday Inn Gare de l\u2019Est Paris \u2013 S\u00e9paration d\u00e9corative double peau \u2013 \u00a9 AS architectes \u2013 Luc Boegly\" alt=\"\"    itemprop=\"thumbnailUrl\" ><div class='av-inner-masonry-sizer'><\/div><figure class='av-inner-masonry main_color'><div class=\"av-masonry-outerimage-container\"><div class='av-masonry-image-container'   ><img decoding=\"async\" width=\"705\" height=\"423\" fetchpriority=\"high\" class=\"wp-image-5094 avia-img-lazy-loading-not-5094\"  src=\"https:\/\/france-resille.com\/wp-content\/uploads\/2022\/02\/gde_restaurant_jaune-705x423.jpg\" title=\"Holiday Inn Gare de l\u2019Est Paris \u2013 S\u00e9paration d\u00e9corative double peau \u2013 \u00a9 AS architectes \u2013 Luc Boegly\" alt=\"\" srcset=\"https:\/\/france-resille.com\/wp-content\/uploads\/2022\/02\/gde_restaurant_jaune-705x423.jpg 705w, https:\/\/france-resille.com\/wp-content\/uploads\/2022\/02\/gde_restaurant_jaune-300x180.jpg 300w, https:\/\/france-resille.com\/wp-content\/uploads\/2022\/02\/gde_restaurant_jaune-1030x618.jpg 1030w, https:\/\/france-resille.com\/wp-content\/uploads\/2022\/02\/gde_restaurant_jaune-768x461.jpg 768w, https:\/\/france-resille.com\/wp-content\/uploads\/2022\/02\/gde_restaurant_jaune.jpg 1328w\" sizes=\"(max-width: 705px) 100vw, 705px\" \/><\/div><\/div><\/figure><\/a><!--end av-masonry entry--><a href=\"https:\/\/france-resille.com\/wp-content\/uploads\/2022\/02\/porte-coulissante-ecailles-836x1030.jpg\" data-srcset=\"https:\/\/france-resille.com\/wp-content\/uploads\/2022\/02\/porte-coulissante-ecailles-836x1030.jpg 836w, https:\/\/france-resille.com\/wp-content\/uploads\/2022\/02\/porte-coulissante-ecailles-243x300.jpg 243w, https:\/\/france-resille.com\/wp-content\/uploads\/2022\/02\/porte-coulissante-ecailles-768x946.jpg 768w, https:\/\/france-resille.com\/wp-content\/uploads\/2022\/02\/porte-coulissante-ecailles-1247x1536.jpg 1247w, https:\/\/france-resille.com\/wp-content\/uploads\/2022\/02\/porte-coulissante-ecailles-1662x2048.jpg 1662w, https:\/\/france-resille.com\/wp-content\/uploads\/2022\/02\/porte-coulissante-ecailles-1217x1500.jpg 1217w, https:\/\/france-resille.com\/wp-content\/uploads\/2022\/02\/porte-coulissante-ecailles-572x705.jpg 572w, https:\/\/france-resille.com\/wp-content\/uploads\/2022\/02\/porte-coulissante-ecailles.jpg 2029w\" data-sizes=\"(max-width: 836px) 100vw, 836px\"  aria-label=\"image porte-coulissante-ecailles\"  id='av-masonry-1-item-5126' data-av-masonry-item='5126' class='av-masonry-entry isotope-item post-5126 attachment type-attachment status-inherit hentry  av-masonry-item-with-image' title=\"Porte Coulissante \u00e0 Marseille \u2013 Design d\u2019int\u00e9rieur par Martine Codaccioni\" alt=\"\"    itemprop=\"thumbnailUrl\" ><div class='av-inner-masonry-sizer'><\/div><figure class='av-inner-masonry main_color'><div class=\"av-masonry-outerimage-container\"><div class='av-masonry-image-container'   ><img decoding=\"async\" width=\"572\" height=\"705\" fetchpriority=\"high\" class=\"wp-image-5126 avia-img-lazy-loading-not-5126\"  src=\"https:\/\/france-resille.com\/wp-content\/uploads\/2022\/02\/porte-coulissante-ecailles-572x705.jpg\" title=\"Porte Coulissante \u00e0 Marseille \u2013 Design d\u2019int\u00e9rieur par Martine Codaccioni\" alt=\"\" srcset=\"https:\/\/france-resille.com\/wp-content\/uploads\/2022\/02\/porte-coulissante-ecailles-572x705.jpg 572w, https:\/\/france-resille.com\/wp-content\/uploads\/2022\/02\/porte-coulissante-ecailles-243x300.jpg 243w, https:\/\/france-resille.com\/wp-content\/uploads\/2022\/02\/porte-coulissante-ecailles-836x1030.jpg 836w, https:\/\/france-resille.com\/wp-content\/uploads\/2022\/02\/porte-coulissante-ecailles-768x946.jpg 768w, https:\/\/france-resille.com\/wp-content\/uploads\/2022\/02\/porte-coulissante-ecailles-1247x1536.jpg 1247w, https:\/\/france-resille.com\/wp-content\/uploads\/2022\/02\/porte-coulissante-ecailles-1662x2048.jpg 1662w, https:\/\/france-resille.com\/wp-content\/uploads\/2022\/02\/porte-coulissante-ecailles-1217x1500.jpg 1217w, https:\/\/france-resille.com\/wp-content\/uploads\/2022\/02\/porte-coulissante-ecailles.jpg 2029w\" sizes=\"(max-width: 572px) 100vw, 572px\" \/><\/div><\/div><\/figure><\/a><!--end av-masonry entry--><a href=\"https:\/\/france-resille.com\/wp-content\/uploads\/2022\/02\/intrabiverre-704x1030.jpg\" data-srcset=\"https:\/\/france-resille.com\/wp-content\/uploads\/2022\/02\/intrabiverre-704x1030.jpg 704w, https:\/\/france-resille.com\/wp-content\/uploads\/2022\/02\/intrabiverre-205x300.jpg 205w, https:\/\/france-resille.com\/wp-content\/uploads\/2022\/02\/intrabiverre-768x1123.jpg 768w, https:\/\/france-resille.com\/wp-content\/uploads\/2022\/02\/intrabiverre-1025x1500.jpg 1025w, https:\/\/france-resille.com\/wp-content\/uploads\/2022\/02\/intrabiverre-482x705.jpg 482w, https:\/\/france-resille.com\/wp-content\/uploads\/2022\/02\/intrabiverre.jpg 1050w\" data-sizes=\"(max-width: 704px) 100vw, 704px\"  aria-label=\"image intrabiverre\"  id='av-masonry-1-item-5100' data-av-masonry-item='5100' class='av-masonry-entry isotope-item post-5100 attachment type-attachment status-inherit hentry  av-masonry-item-with-image' title=\"R\u00e9sille intrabiverre\" alt=\"\"    itemprop=\"thumbnailUrl\" ><div class='av-inner-masonry-sizer'><\/div><figure class='av-inner-masonry main_color'><div class=\"av-masonry-outerimage-container\"><div class='av-masonry-image-container'   ><img decoding=\"async\" width=\"482\" height=\"705\" fetchpriority=\"high\" class=\"wp-image-5100 avia-img-lazy-loading-not-5100\"  src=\"https:\/\/france-resille.com\/wp-content\/uploads\/2022\/02\/intrabiverre-482x705.jpg\" title=\"R\u00e9sille intrabiverre\" alt=\"\" srcset=\"https:\/\/france-resille.com\/wp-content\/uploads\/2022\/02\/intrabiverre-482x705.jpg 482w, https:\/\/france-resille.com\/wp-content\/uploads\/2022\/02\/intrabiverre-205x300.jpg 205w, https:\/\/france-resille.com\/wp-content\/uploads\/2022\/02\/intrabiverre-704x1030.jpg 704w, https:\/\/france-resille.com\/wp-content\/uploads\/2022\/02\/intrabiverre-768x1123.jpg 768w, https:\/\/france-resille.com\/wp-content\/uploads\/2022\/02\/intrabiverre-1025x1500.jpg 1025w, https:\/\/france-resille.com\/wp-content\/uploads\/2022\/02\/intrabiverre.jpg 1050w\" sizes=\"(max-width: 482px) 100vw, 482px\" \/><\/div><\/div><\/figure><\/a><!--end av-masonry entry--><a href=\"https:\/\/france-resille.com\/wp-content\/uploads\/2022\/02\/le-duff-plaque-luminaire-1028x1030.jpg\" data-srcset=\"https:\/\/france-resille.com\/wp-content\/uploads\/2022\/02\/le-duff-plaque-luminaire-1028x1030.jpg 1028w, https:\/\/france-resille.com\/wp-content\/uploads\/2022\/02\/le-duff-plaque-luminaire-300x300.jpg 300w, https:\/\/france-resille.com\/wp-content\/uploads\/2022\/02\/le-duff-plaque-luminaire-80x80.jpg 80w, https:\/\/france-resille.com\/wp-content\/uploads\/2022\/02\/le-duff-plaque-luminaire-768x769.jpg 768w, https:\/\/france-resille.com\/wp-content\/uploads\/2022\/02\/le-duff-plaque-luminaire-1534x1536.jpg 1534w, https:\/\/france-resille.com\/wp-content\/uploads\/2022\/02\/le-duff-plaque-luminaire-2045x2048.jpg 2045w, https:\/\/france-resille.com\/wp-content\/uploads\/2022\/02\/le-duff-plaque-luminaire-36x36.jpg 36w, https:\/\/france-resille.com\/wp-content\/uploads\/2022\/02\/le-duff-plaque-luminaire-180x180.jpg 180w, https:\/\/france-resille.com\/wp-content\/uploads\/2022\/02\/le-duff-plaque-luminaire-1498x1500.jpg 1498w, https:\/\/france-resille.com\/wp-content\/uploads\/2022\/02\/le-duff-plaque-luminaire-705x705.jpg 705w\" data-sizes=\"(max-width: 1028px) 100vw, 1028px\"  aria-label=\"image Le duff plaque luminaire\"  id='av-masonry-1-item-5102' data-av-masonry-item='5102' class='av-masonry-entry isotope-item post-5102 attachment type-attachment status-inherit hentry  av-masonry-item-with-image' title=\"Dalle d\u00e9corative suspendue \u2013 Le Duff \u00e0 Rennes \u2013 Architecte : Artdesk\" alt=\"\"    itemprop=\"thumbnailUrl\" ><div class='av-inner-masonry-sizer'><\/div><figure class='av-inner-masonry main_color'><div class=\"av-masonry-outerimage-container\"><div class='av-masonry-image-container'   ><img decoding=\"async\" width=\"705\" height=\"705\" fetchpriority=\"high\" class=\"wp-image-5102 avia-img-lazy-loading-not-5102\"  src=\"https:\/\/france-resille.com\/wp-content\/uploads\/2022\/02\/le-duff-plaque-luminaire-705x705.jpg\" title=\"Dalle d\u00e9corative suspendue \u2013 Le Duff \u00e0 Rennes \u2013 Architecte : Artdesk\" alt=\"\" srcset=\"https:\/\/france-resille.com\/wp-content\/uploads\/2022\/02\/le-duff-plaque-luminaire-705x705.jpg 705w, https:\/\/france-resille.com\/wp-content\/uploads\/2022\/02\/le-duff-plaque-luminaire-300x300.jpg 300w, https:\/\/france-resille.com\/wp-content\/uploads\/2022\/02\/le-duff-plaque-luminaire-1028x1030.jpg 1028w, https:\/\/france-resille.com\/wp-content\/uploads\/2022\/02\/le-duff-plaque-luminaire-80x80.jpg 80w, https:\/\/france-resille.com\/wp-content\/uploads\/2022\/02\/le-duff-plaque-luminaire-768x769.jpg 768w, https:\/\/france-resille.com\/wp-content\/uploads\/2022\/02\/le-duff-plaque-luminaire-1534x1536.jpg 1534w, https:\/\/france-resille.com\/wp-content\/uploads\/2022\/02\/le-duff-plaque-luminaire-2045x2048.jpg 2045w, https:\/\/france-resille.com\/wp-content\/uploads\/2022\/02\/le-duff-plaque-luminaire-36x36.jpg 36w, https:\/\/france-resille.com\/wp-content\/uploads\/2022\/02\/le-duff-plaque-luminaire-180x180.jpg 180w, https:\/\/france-resille.com\/wp-content\/uploads\/2022\/02\/le-duff-plaque-luminaire-1498x1500.jpg 1498w\" sizes=\"(max-width: 705px) 100vw, 705px\" \/><\/div><\/div><\/figure><\/a><!--end av-masonry entry--><a href=\"https:\/\/france-resille.com\/wp-content\/uploads\/2022\/02\/le-duff-resille-corail-764x1030.jpg\" data-srcset=\"https:\/\/france-resille.com\/wp-content\/uploads\/2022\/02\/le-duff-resille-corail-764x1030.jpg 764w, https:\/\/france-resille.com\/wp-content\/uploads\/2022\/02\/le-duff-resille-corail-223x300.jpg 223w, https:\/\/france-resille.com\/wp-content\/uploads\/2022\/02\/le-duff-resille-corail-768x1035.jpg 768w, https:\/\/france-resille.com\/wp-content\/uploads\/2022\/02\/le-duff-resille-corail-1140x1536.jpg 1140w, https:\/\/france-resille.com\/wp-content\/uploads\/2022\/02\/le-duff-resille-corail-1113x1500.jpg 1113w, https:\/\/france-resille.com\/wp-content\/uploads\/2022\/02\/le-duff-resille-corail-523x705.jpg 523w, https:\/\/france-resille.com\/wp-content\/uploads\/2022\/02\/le-duff-resille-corail.jpg 1425w\" data-sizes=\"(max-width: 764px) 100vw, 764px\"  aria-label=\"image Le Duff r\u00e9sille corail\"  id='av-masonry-1-item-5104' data-av-masonry-item='5104' class='av-masonry-entry isotope-item post-5104 attachment type-attachment status-inherit hentry  av-masonry-item-with-image' title=\"R\u00e9sille motif corail \u2013 Le Duff \u00e0 Rennes \u2013 Architecte : Artdesk\" alt=\"\"    itemprop=\"thumbnailUrl\" ><div class='av-inner-masonry-sizer'><\/div><figure class='av-inner-masonry main_color'><div class=\"av-masonry-outerimage-container\"><div class='av-masonry-image-container'   ><img decoding=\"async\" width=\"523\" height=\"705\" fetchpriority=\"high\" class=\"wp-image-5104 avia-img-lazy-loading-not-5104\"  src=\"https:\/\/france-resille.com\/wp-content\/uploads\/2022\/02\/le-duff-resille-corail-523x705.jpg\" title=\"R\u00e9sille motif corail \u2013 Le Duff \u00e0 Rennes \u2013 Architecte : Artdesk\" alt=\"\" srcset=\"https:\/\/france-resille.com\/wp-content\/uploads\/2022\/02\/le-duff-resille-corail-523x705.jpg 523w, https:\/\/france-resille.com\/wp-content\/uploads\/2022\/02\/le-duff-resille-corail-223x300.jpg 223w, https:\/\/france-resille.com\/wp-content\/uploads\/2022\/02\/le-duff-resille-corail-764x1030.jpg 764w, https:\/\/france-resille.com\/wp-content\/uploads\/2022\/02\/le-duff-resille-corail-768x1035.jpg 768w, https:\/\/france-resille.com\/wp-content\/uploads\/2022\/02\/le-duff-resille-corail-1140x1536.jpg 1140w, https:\/\/france-resille.com\/wp-content\/uploads\/2022\/02\/le-duff-resille-corail-1113x1500.jpg 1113w, https:\/\/france-resille.com\/wp-content\/uploads\/2022\/02\/le-duff-resille-corail.jpg 1425w\" sizes=\"(max-width: 523px) 100vw, 523px\" \/><\/div><\/div><\/figure><\/a><!--end av-masonry entry--><a href=\"https:\/\/france-resille.com\/wp-content\/uploads\/2022\/02\/porte-coulissante-bois-verre-590x1030.jpg\" data-srcset=\"https:\/\/france-resille.com\/wp-content\/uploads\/2022\/02\/porte-coulissante-bois-verre-590x1030.jpg 590w, https:\/\/france-resille.com\/wp-content\/uploads\/2022\/02\/porte-coulissante-bois-verre-172x300.jpg 172w, https:\/\/france-resille.com\/wp-content\/uploads\/2022\/02\/porte-coulissante-bois-verre-768x1342.jpg 768w, https:\/\/france-resille.com\/wp-content\/uploads\/2022\/02\/porte-coulissante-bois-verre-879x1536.jpg 879w, https:\/\/france-resille.com\/wp-content\/uploads\/2022\/02\/porte-coulissante-bois-verre-859x1500.jpg 859w, https:\/\/france-resille.com\/wp-content\/uploads\/2022\/02\/porte-coulissante-bois-verre-404x705.jpg 404w, https:\/\/france-resille.com\/wp-content\/uploads\/2022\/02\/porte-coulissante-bois-verre.jpg 1099w\" data-sizes=\"(max-width: 590px) 100vw, 590px\"  aria-label=\"image porte coulissante bois verre\"  id='av-masonry-1-item-5124' data-av-masonry-item='5124' class='av-masonry-entry isotope-item post-5124 attachment type-attachment status-inherit hentry  av-masonry-item-with-image' title=\"Porte Coulissante vitr\u00e9e r\u00e9sille-bois \u00e0 Paris \u2013 Architecte : Conzade\" alt=\"\"    itemprop=\"thumbnailUrl\" ><div class='av-inner-masonry-sizer'><\/div><figure class='av-inner-masonry main_color'><div class=\"av-masonry-outerimage-container\"><div class='av-masonry-image-container'   ><img decoding=\"async\" width=\"404\" height=\"705\" fetchpriority=\"high\" class=\"wp-image-5124 avia-img-lazy-loading-not-5124\"  src=\"https:\/\/france-resille.com\/wp-content\/uploads\/2022\/02\/porte-coulissante-bois-verre-404x705.jpg\" title=\"Porte Coulissante vitr\u00e9e r\u00e9sille-bois \u00e0 Paris \u2013 Architecte : Conzade\" alt=\"\" srcset=\"https:\/\/france-resille.com\/wp-content\/uploads\/2022\/02\/porte-coulissante-bois-verre-404x705.jpg 404w, https:\/\/france-resille.com\/wp-content\/uploads\/2022\/02\/porte-coulissante-bois-verre-172x300.jpg 172w, https:\/\/france-resille.com\/wp-content\/uploads\/2022\/02\/porte-coulissante-bois-verre-590x1030.jpg 590w, https:\/\/france-resille.com\/wp-content\/uploads\/2022\/02\/porte-coulissante-bois-verre-768x1342.jpg 768w, https:\/\/france-resille.com\/wp-content\/uploads\/2022\/02\/porte-coulissante-bois-verre-879x1536.jpg 879w, https:\/\/france-resille.com\/wp-content\/uploads\/2022\/02\/porte-coulissante-bois-verre-859x1500.jpg 859w, https:\/\/france-resille.com\/wp-content\/uploads\/2022\/02\/porte-coulissante-bois-verre.jpg 1099w\" sizes=\"(max-width: 404px) 100vw, 404px\" \/><\/div><\/div><\/figure><\/a><!--end av-masonry entry--><a href=\"https:\/\/france-resille.com\/wp-content\/uploads\/2022\/02\/plafond-galeries-lafayette-1030x1030.jpg\" data-srcset=\"https:\/\/france-resille.com\/wp-content\/uploads\/2022\/02\/plafond-galeries-lafayette-1030x1030.jpg 1030w, https:\/\/france-resille.com\/wp-content\/uploads\/2022\/02\/plafond-galeries-lafayette-300x300.jpg 300w, https:\/\/france-resille.com\/wp-content\/uploads\/2022\/02\/plafond-galeries-lafayette-80x80.jpg 80w, https:\/\/france-resille.com\/wp-content\/uploads\/2022\/02\/plafond-galeries-lafayette-768x768.jpg 768w, https:\/\/france-resille.com\/wp-content\/uploads\/2022\/02\/plafond-galeries-lafayette-1536x1536.jpg 1536w, https:\/\/france-resille.com\/wp-content\/uploads\/2022\/02\/plafond-galeries-lafayette-36x36.jpg 36w, https:\/\/france-resille.com\/wp-content\/uploads\/2022\/02\/plafond-galeries-lafayette-180x180.jpg 180w, https:\/\/france-resille.com\/wp-content\/uploads\/2022\/02\/plafond-galeries-lafayette-1500x1500.jpg 1500w, https:\/\/france-resille.com\/wp-content\/uploads\/2022\/02\/plafond-galeries-lafayette-705x705.jpg 705w, https:\/\/france-resille.com\/wp-content\/uploads\/2022\/02\/plafond-galeries-lafayette.jpg 1920w\" data-sizes=\"(max-width: 1030px) 100vw, 1030px\"  aria-label=\"image SONY DSC\"  id='av-masonry-1-item-5112' data-av-masonry-item='5112' class='av-masonry-entry isotope-item post-5112 attachment type-attachment status-inherit hentry  av-masonry-item-with-image' title=\"SONY DSC\" alt=\"\"    itemprop=\"thumbnailUrl\" ><div class='av-inner-masonry-sizer'><\/div><figure class='av-inner-masonry main_color'><div class=\"av-masonry-outerimage-container\"><div class='av-masonry-image-container'   ><img decoding=\"async\" width=\"705\" height=\"705\" fetchpriority=\"high\" class=\"wp-image-5112 avia-img-lazy-loading-not-5112\"  src=\"https:\/\/france-resille.com\/wp-content\/uploads\/2022\/02\/plafond-galeries-lafayette-705x705.jpg\" title=\"SONY DSC\" alt=\"\" srcset=\"https:\/\/france-resille.com\/wp-content\/uploads\/2022\/02\/plafond-galeries-lafayette-705x705.jpg 705w, https:\/\/france-resille.com\/wp-content\/uploads\/2022\/02\/plafond-galeries-lafayette-300x300.jpg 300w, https:\/\/france-resille.com\/wp-content\/uploads\/2022\/02\/plafond-galeries-lafayette-1030x1030.jpg 1030w, https:\/\/france-resille.com\/wp-content\/uploads\/2022\/02\/plafond-galeries-lafayette-80x80.jpg 80w, https:\/\/france-resille.com\/wp-content\/uploads\/2022\/02\/plafond-galeries-lafayette-768x768.jpg 768w, https:\/\/france-resille.com\/wp-content\/uploads\/2022\/02\/plafond-galeries-lafayette-1536x1536.jpg 1536w, https:\/\/france-resille.com\/wp-content\/uploads\/2022\/02\/plafond-galeries-lafayette-36x36.jpg 36w, https:\/\/france-resille.com\/wp-content\/uploads\/2022\/02\/plafond-galeries-lafayette-180x180.jpg 180w, https:\/\/france-resille.com\/wp-content\/uploads\/2022\/02\/plafond-galeries-lafayette-1500x1500.jpg 1500w, https:\/\/france-resille.com\/wp-content\/uploads\/2022\/02\/plafond-galeries-lafayette.jpg 1920w\" sizes=\"(max-width: 705px) 100vw, 705px\" \/><\/div><\/div><\/figure><\/a><!--end av-masonry entry--><a href=\"https:\/\/france-resille.com\/wp-content\/uploads\/2022\/02\/polygone-riviera-printemps-cagnes-sur-mer-1-1030x773.jpg\" data-srcset=\"https:\/\/france-resille.com\/wp-content\/uploads\/2022\/02\/polygone-riviera-printemps-cagnes-sur-mer-1-1030x773.jpg 1030w, https:\/\/france-resille.com\/wp-content\/uploads\/2022\/02\/polygone-riviera-printemps-cagnes-sur-mer-1-300x225.jpg 300w, https:\/\/france-resille.com\/wp-content\/uploads\/2022\/02\/polygone-riviera-printemps-cagnes-sur-mer-1-768x576.jpg 768w, https:\/\/france-resille.com\/wp-content\/uploads\/2022\/02\/polygone-riviera-printemps-cagnes-sur-mer-1-1536x1152.jpg 1536w, https:\/\/france-resille.com\/wp-content\/uploads\/2022\/02\/polygone-riviera-printemps-cagnes-sur-mer-1-1500x1125.jpg 1500w, https:\/\/france-resille.com\/wp-content\/uploads\/2022\/02\/polygone-riviera-printemps-cagnes-sur-mer-1-705x529.jpg 705w, https:\/\/france-resille.com\/wp-content\/uploads\/2022\/02\/polygone-riviera-printemps-cagnes-sur-mer-1.jpg 1632w\" data-sizes=\"(max-width: 1030px) 100vw, 1030px\"  aria-label=\"image Polygone Riviera Printemps Cagnes sur Mer 1\"  id='av-masonry-1-item-5114' data-av-masonry-item='5114' class='av-masonry-entry isotope-item post-5114 attachment type-attachment status-inherit hentry  av-masonry-item-with-image' title=\"Centre commercial Polygone Riviera \u2013 Printemps \u00e0 Cagnes sur Mer \u2013 r\u00e9sille d\u00e9corative atrium\" alt=\"\"    itemprop=\"thumbnailUrl\" ><div class='av-inner-masonry-sizer'><\/div><figure class='av-inner-masonry main_color'><div class=\"av-masonry-outerimage-container\"><div class='av-masonry-image-container'   ><img decoding=\"async\" width=\"705\" height=\"529\" fetchpriority=\"high\" class=\"wp-image-5114 avia-img-lazy-loading-not-5114\"  src=\"https:\/\/france-resille.com\/wp-content\/uploads\/2022\/02\/polygone-riviera-printemps-cagnes-sur-mer-1-705x529.jpg\" title=\"Centre commercial Polygone Riviera \u2013 Printemps \u00e0 Cagnes sur Mer \u2013 r\u00e9sille d\u00e9corative atrium\" alt=\"\" srcset=\"https:\/\/france-resille.com\/wp-content\/uploads\/2022\/02\/polygone-riviera-printemps-cagnes-sur-mer-1-705x529.jpg 705w, https:\/\/france-resille.com\/wp-content\/uploads\/2022\/02\/polygone-riviera-printemps-cagnes-sur-mer-1-300x225.jpg 300w, https:\/\/france-resille.com\/wp-content\/uploads\/2022\/02\/polygone-riviera-printemps-cagnes-sur-mer-1-1030x773.jpg 1030w, https:\/\/france-resille.com\/wp-content\/uploads\/2022\/02\/polygone-riviera-printemps-cagnes-sur-mer-1-768x576.jpg 768w, https:\/\/france-resille.com\/wp-content\/uploads\/2022\/02\/polygone-riviera-printemps-cagnes-sur-mer-1-1536x1152.jpg 1536w, https:\/\/france-resille.com\/wp-content\/uploads\/2022\/02\/polygone-riviera-printemps-cagnes-sur-mer-1-1500x1125.jpg 1500w, https:\/\/france-resille.com\/wp-content\/uploads\/2022\/02\/polygone-riviera-printemps-cagnes-sur-mer-1.jpg 1632w\" sizes=\"(max-width: 705px) 100vw, 705px\" \/><\/div><\/div><\/figure><\/a><!--end av-masonry entry--><a href=\"https:\/\/france-resille.com\/wp-content\/uploads\/2022\/02\/polygone-riviera-printemps-cagnes-sur-mer-2-554x1030.jpg\" data-srcset=\"https:\/\/france-resille.com\/wp-content\/uploads\/2022\/02\/polygone-riviera-printemps-cagnes-sur-mer-2-554x1030.jpg 554w, https:\/\/france-resille.com\/wp-content\/uploads\/2022\/02\/polygone-riviera-printemps-cagnes-sur-mer-2-161x300.jpg 161w, https:\/\/france-resille.com\/wp-content\/uploads\/2022\/02\/polygone-riviera-printemps-cagnes-sur-mer-2-379x705.jpg 379w, https:\/\/france-resille.com\/wp-content\/uploads\/2022\/02\/polygone-riviera-printemps-cagnes-sur-mer-2.jpg 639w\" data-sizes=\"(max-width: 554px) 100vw, 554px\"  aria-label=\"image Polygone Riviera Printemps Cagnes sur Mer 2\"  id='av-masonry-1-item-5116' data-av-masonry-item='5116' class='av-masonry-entry isotope-item post-5116 attachment type-attachment status-inherit hentry  av-masonry-item-with-image' title=\"Centre commercial Polygone Riviera \u2013 Printemps \u00e0 Cagnes sur Mer \u2013 r\u00e9sille d\u00e9corative atrium\" alt=\"\"    itemprop=\"thumbnailUrl\" ><div class='av-inner-masonry-sizer'><\/div><figure class='av-inner-masonry main_color'><div class=\"av-masonry-outerimage-container\"><div class='av-masonry-image-container'   ><img decoding=\"async\" width=\"379\" height=\"705\" fetchpriority=\"high\" class=\"wp-image-5116 avia-img-lazy-loading-not-5116\"  src=\"https:\/\/france-resille.com\/wp-content\/uploads\/2022\/02\/polygone-riviera-printemps-cagnes-sur-mer-2-379x705.jpg\" title=\"Centre commercial Polygone Riviera \u2013 Printemps \u00e0 Cagnes sur Mer \u2013 r\u00e9sille d\u00e9corative atrium\" alt=\"\" srcset=\"https:\/\/france-resille.com\/wp-content\/uploads\/2022\/02\/polygone-riviera-printemps-cagnes-sur-mer-2-379x705.jpg 379w, https:\/\/france-resille.com\/wp-content\/uploads\/2022\/02\/polygone-riviera-printemps-cagnes-sur-mer-2-161x300.jpg 161w, https:\/\/france-resille.com\/wp-content\/uploads\/2022\/02\/polygone-riviera-printemps-cagnes-sur-mer-2-554x1030.jpg 554w, https:\/\/france-resille.com\/wp-content\/uploads\/2022\/02\/polygone-riviera-printemps-cagnes-sur-mer-2.jpg 639w\" sizes=\"(max-width: 379px) 100vw, 379px\" \/><\/div><\/div><\/figure><\/a><!--end av-masonry entry--><a href=\"https:\/\/france-resille.com\/wp-content\/uploads\/2022\/02\/polygone-riviera-printemps-cagnes-sur-mer-3-697x1030.jpg\" data-srcset=\"https:\/\/france-resille.com\/wp-content\/uploads\/2022\/02\/polygone-riviera-printemps-cagnes-sur-mer-3-697x1030.jpg 697w, https:\/\/france-resille.com\/wp-content\/uploads\/2022\/02\/polygone-riviera-printemps-cagnes-sur-mer-3-203x300.jpg 203w, https:\/\/france-resille.com\/wp-content\/uploads\/2022\/02\/polygone-riviera-printemps-cagnes-sur-mer-3-768x1135.jpg 768w, https:\/\/france-resille.com\/wp-content\/uploads\/2022\/02\/polygone-riviera-printemps-cagnes-sur-mer-3-477x705.jpg 477w, https:\/\/france-resille.com\/wp-content\/uploads\/2022\/02\/polygone-riviera-printemps-cagnes-sur-mer-3.jpg 828w\" data-sizes=\"(max-width: 697px) 100vw, 697px\"  aria-label=\"image Polygone Riviera Printemps Cagnes sur Mer 3\"  id='av-masonry-1-item-5118' data-av-masonry-item='5118' class='av-masonry-entry isotope-item post-5118 attachment type-attachment status-inherit hentry  av-masonry-item-with-image' title=\"Centre commercial Polygone Riviera \u2013 Printemps \u00e0 Cagnes sur Mer \u2013 claustra d\u00e9coratif en r\u00e9sille\" alt=\"\"    itemprop=\"thumbnailUrl\" ><div class='av-inner-masonry-sizer'><\/div><figure class='av-inner-masonry main_color'><div class=\"av-masonry-outerimage-container\"><div class='av-masonry-image-container'   ><img decoding=\"async\" width=\"477\" height=\"705\" fetchpriority=\"high\" class=\"wp-image-5118 avia-img-lazy-loading-not-5118\"  src=\"https:\/\/france-resille.com\/wp-content\/uploads\/2022\/02\/polygone-riviera-printemps-cagnes-sur-mer-3-477x705.jpg\" title=\"Centre commercial Polygone Riviera \u2013 Printemps \u00e0 Cagnes sur Mer \u2013 claustra d\u00e9coratif en r\u00e9sille\" alt=\"\" srcset=\"https:\/\/france-resille.com\/wp-content\/uploads\/2022\/02\/polygone-riviera-printemps-cagnes-sur-mer-3-477x705.jpg 477w, https:\/\/france-resille.com\/wp-content\/uploads\/2022\/02\/polygone-riviera-printemps-cagnes-sur-mer-3-203x300.jpg 203w, https:\/\/france-resille.com\/wp-content\/uploads\/2022\/02\/polygone-riviera-printemps-cagnes-sur-mer-3-697x1030.jpg 697w, https:\/\/france-resille.com\/wp-content\/uploads\/2022\/02\/polygone-riviera-printemps-cagnes-sur-mer-3-768x1135.jpg 768w, https:\/\/france-resille.com\/wp-content\/uploads\/2022\/02\/polygone-riviera-printemps-cagnes-sur-mer-3.jpg 828w\" sizes=\"(max-width: 477px) 100vw, 477px\" \/><\/div><\/div><\/figure><\/a><!--end av-masonry entry--><a href=\"https:\/\/france-resille.com\/wp-content\/uploads\/2022\/02\/polygone-riviera-printemps-cagnes-sur-mer-4-830x1030.jpg\" data-srcset=\"https:\/\/france-resille.com\/wp-content\/uploads\/2022\/02\/polygone-riviera-printemps-cagnes-sur-mer-4-830x1030.jpg 830w, https:\/\/france-resille.com\/wp-content\/uploads\/2022\/02\/polygone-riviera-printemps-cagnes-sur-mer-4-242x300.jpg 242w, https:\/\/france-resille.com\/wp-content\/uploads\/2022\/02\/polygone-riviera-printemps-cagnes-sur-mer-4-768x953.jpg 768w, https:\/\/france-resille.com\/wp-content\/uploads\/2022\/02\/polygone-riviera-printemps-cagnes-sur-mer-4-1238x1536.jpg 1238w, https:\/\/france-resille.com\/wp-content\/uploads\/2022\/02\/polygone-riviera-printemps-cagnes-sur-mer-4-1209x1500.jpg 1209w, https:\/\/france-resille.com\/wp-content\/uploads\/2022\/02\/polygone-riviera-printemps-cagnes-sur-mer-4-568x705.jpg 568w, https:\/\/france-resille.com\/wp-content\/uploads\/2022\/02\/polygone-riviera-printemps-cagnes-sur-mer-4.jpg 1597w\" data-sizes=\"(max-width: 830px) 100vw, 830px\"  aria-label=\"image Polygone Riviera Printemps Cagnes sur Mer 4\"  id='av-masonry-1-item-5120' data-av-masonry-item='5120' class='av-masonry-entry isotope-item post-5120 attachment type-attachment status-inherit hentry  av-masonry-item-with-image' title=\"Centre commercial Polygone Riviera \u2013 Printemps \u00e0 Cagnes sur Mer \u2013 claustra d\u00e9coratif en r\u00e9sille\" alt=\"\"    itemprop=\"thumbnailUrl\" ><div class='av-inner-masonry-sizer'><\/div><figure class='av-inner-masonry main_color'><div class=\"av-masonry-outerimage-container\"><div class='av-masonry-image-container'   ><img decoding=\"async\" width=\"568\" height=\"705\" fetchpriority=\"high\" class=\"wp-image-5120 avia-img-lazy-loading-not-5120\"  src=\"https:\/\/france-resille.com\/wp-content\/uploads\/2022\/02\/polygone-riviera-printemps-cagnes-sur-mer-4-568x705.jpg\" title=\"Centre commercial Polygone Riviera \u2013 Printemps \u00e0 Cagnes sur Mer \u2013 claustra d\u00e9coratif en r\u00e9sille\" alt=\"\" srcset=\"https:\/\/france-resille.com\/wp-content\/uploads\/2022\/02\/polygone-riviera-printemps-cagnes-sur-mer-4-568x705.jpg 568w, https:\/\/france-resille.com\/wp-content\/uploads\/2022\/02\/polygone-riviera-printemps-cagnes-sur-mer-4-242x300.jpg 242w, https:\/\/france-resille.com\/wp-content\/uploads\/2022\/02\/polygone-riviera-printemps-cagnes-sur-mer-4-830x1030.jpg 830w, https:\/\/france-resille.com\/wp-content\/uploads\/2022\/02\/polygone-riviera-printemps-cagnes-sur-mer-4-768x953.jpg 768w, https:\/\/france-resille.com\/wp-content\/uploads\/2022\/02\/polygone-riviera-printemps-cagnes-sur-mer-4-1238x1536.jpg 1238w, https:\/\/france-resille.com\/wp-content\/uploads\/2022\/02\/polygone-riviera-printemps-cagnes-sur-mer-4-1209x1500.jpg 1209w, https:\/\/france-resille.com\/wp-content\/uploads\/2022\/02\/polygone-riviera-printemps-cagnes-sur-mer-4.jpg 1597w\" sizes=\"(max-width: 568px) 100vw, 568px\" \/><\/div><\/div><\/figure><\/a><!--end av-masonry entry--><a href=\"https:\/\/france-resille.com\/wp-content\/uploads\/2022\/02\/polygone-riviera-printemps-cagnes-sur-mer-5-794x1030.jpg\" data-srcset=\"https:\/\/france-resille.com\/wp-content\/uploads\/2022\/02\/polygone-riviera-printemps-cagnes-sur-mer-5-794x1030.jpg 794w, https:\/\/france-resille.com\/wp-content\/uploads\/2022\/02\/polygone-riviera-printemps-cagnes-sur-mer-5-231x300.jpg 231w, https:\/\/france-resille.com\/wp-content\/uploads\/2022\/02\/polygone-riviera-printemps-cagnes-sur-mer-5-768x997.jpg 768w, https:\/\/france-resille.com\/wp-content\/uploads\/2022\/02\/polygone-riviera-printemps-cagnes-sur-mer-5-1184x1536.jpg 1184w, https:\/\/france-resille.com\/wp-content\/uploads\/2022\/02\/polygone-riviera-printemps-cagnes-sur-mer-5-1156x1500.jpg 1156w, https:\/\/france-resille.com\/wp-content\/uploads\/2022\/02\/polygone-riviera-printemps-cagnes-sur-mer-5-543x705.jpg 543w, https:\/\/france-resille.com\/wp-content\/uploads\/2022\/02\/polygone-riviera-printemps-cagnes-sur-mer-5.jpg 1492w\" data-sizes=\"(max-width: 794px) 100vw, 794px\"  aria-label=\"image Polygone Riviera Printemps Cagnes sur Mer 5\"  id='av-masonry-1-item-5122' data-av-masonry-item='5122' class='av-masonry-entry isotope-item post-5122 attachment type-attachment status-inherit hentry  av-masonry-item-with-image' title=\"Centre commercial Polygone Riviera \u2013 Printemps \u00e0 Cagnes sur Mer \u2013 r\u00e9sille d\u00e9corative atrium\" alt=\"\"    itemprop=\"thumbnailUrl\" ><div class='av-inner-masonry-sizer'><\/div><figure class='av-inner-masonry main_color'><div class=\"av-masonry-outerimage-container\"><div class='av-masonry-image-container'   ><img decoding=\"async\" width=\"543\" height=\"705\" fetchpriority=\"high\" class=\"wp-image-5122 avia-img-lazy-loading-not-5122\"  src=\"https:\/\/france-resille.com\/wp-content\/uploads\/2022\/02\/polygone-riviera-printemps-cagnes-sur-mer-5-543x705.jpg\" title=\"Centre commercial Polygone Riviera \u2013 Printemps \u00e0 Cagnes sur Mer \u2013 r\u00e9sille d\u00e9corative atrium\" alt=\"\" srcset=\"https:\/\/france-resille.com\/wp-content\/uploads\/2022\/02\/polygone-riviera-printemps-cagnes-sur-mer-5-543x705.jpg 543w, https:\/\/france-resille.com\/wp-content\/uploads\/2022\/02\/polygone-riviera-printemps-cagnes-sur-mer-5-231x300.jpg 231w, https:\/\/france-resille.com\/wp-content\/uploads\/2022\/02\/polygone-riviera-printemps-cagnes-sur-mer-5-794x1030.jpg 794w, https:\/\/france-resille.com\/wp-content\/uploads\/2022\/02\/polygone-riviera-printemps-cagnes-sur-mer-5-768x997.jpg 768w, https:\/\/france-resille.com\/wp-content\/uploads\/2022\/02\/polygone-riviera-printemps-cagnes-sur-mer-5-1184x1536.jpg 1184w, https:\/\/france-resille.com\/wp-content\/uploads\/2022\/02\/polygone-riviera-printemps-cagnes-sur-mer-5-1156x1500.jpg 1156w, https:\/\/france-resille.com\/wp-content\/uploads\/2022\/02\/polygone-riviera-printemps-cagnes-sur-mer-5.jpg 1492w\" sizes=\"(max-width: 543px) 100vw, 543px\" \/><\/div><\/div><\/figure><\/a><!--end av-masonry entry--><a href=\"https:\/\/france-resille.com\/wp-content\/uploads\/2022\/02\/intrabiverre-mikado-1030x869.jpg\" data-srcset=\"https:\/\/france-resille.com\/wp-content\/uploads\/2022\/02\/intrabiverre-mikado-1030x869.jpg 1030w, https:\/\/france-resille.com\/wp-content\/uploads\/2022\/02\/intrabiverre-mikado-300x253.jpg 300w, https:\/\/france-resille.com\/wp-content\/uploads\/2022\/02\/intrabiverre-mikado-768x648.jpg 768w, https:\/\/france-resille.com\/wp-content\/uploads\/2022\/02\/intrabiverre-mikado-1536x1296.jpg 1536w, https:\/\/france-resille.com\/wp-content\/uploads\/2022\/02\/intrabiverre-mikado-1500x1266.jpg 1500w, https:\/\/france-resille.com\/wp-content\/uploads\/2022\/02\/intrabiverre-mikado-705x595.jpg 705w, https:\/\/france-resille.com\/wp-content\/uploads\/2022\/02\/intrabiverre-mikado.jpg 1920w\" data-sizes=\"(max-width: 1030px) 100vw, 1030px\"  aria-label=\"image Intrabiverre Mikado\"  id='av-masonry-1-item-5098' data-av-masonry-item='5098' class='av-masonry-entry isotope-item post-5098 attachment type-attachment status-inherit hentry  av-masonry-item-with-image' title=\"Coulissant intrabiverre \u2013 Paris\" alt=\"\"    itemprop=\"thumbnailUrl\" ><div class='av-inner-masonry-sizer'><\/div><figure class='av-inner-masonry main_color'><div class=\"av-masonry-outerimage-container\"><div class='av-masonry-image-container'   ><img decoding=\"async\" width=\"705\" height=\"595\" fetchpriority=\"high\" class=\"wp-image-5098 avia-img-lazy-loading-not-5098\"  src=\"https:\/\/france-resille.com\/wp-content\/uploads\/2022\/02\/intrabiverre-mikado-705x595.jpg\" title=\"Coulissant intrabiverre \u2013 Paris\" alt=\"\" srcset=\"https:\/\/france-resille.com\/wp-content\/uploads\/2022\/02\/intrabiverre-mikado-705x595.jpg 705w, https:\/\/france-resille.com\/wp-content\/uploads\/2022\/02\/intrabiverre-mikado-300x253.jpg 300w, https:\/\/france-resille.com\/wp-content\/uploads\/2022\/02\/intrabiverre-mikado-1030x869.jpg 1030w, https:\/\/france-resille.com\/wp-content\/uploads\/2022\/02\/intrabiverre-mikado-768x648.jpg 768w, https:\/\/france-resille.com\/wp-content\/uploads\/2022\/02\/intrabiverre-mikado-1536x1296.jpg 1536w, https:\/\/france-resille.com\/wp-content\/uploads\/2022\/02\/intrabiverre-mikado-1500x1266.jpg 1500w, https:\/\/france-resille.com\/wp-content\/uploads\/2022\/02\/intrabiverre-mikado.jpg 1920w\" sizes=\"(max-width: 705px) 100vw, 705px\" \/><\/div><\/div><\/figure><\/a><!--end av-masonry entry--><a href=\"https:\/\/france-resille.com\/wp-content\/uploads\/2022\/02\/cache-radiateur-corail-1-1030x1030.jpg\" data-srcset=\"https:\/\/france-resille.com\/wp-content\/uploads\/2022\/02\/cache-radiateur-corail-1-1030x1030.jpg 1030w, https:\/\/france-resille.com\/wp-content\/uploads\/2022\/02\/cache-radiateur-corail-1-300x300.jpg 300w, https:\/\/france-resille.com\/wp-content\/uploads\/2022\/02\/cache-radiateur-corail-1-80x80.jpg 80w, https:\/\/france-resille.com\/wp-content\/uploads\/2022\/02\/cache-radiateur-corail-1-768x768.jpg 768w, https:\/\/france-resille.com\/wp-content\/uploads\/2022\/02\/cache-radiateur-corail-1-36x36.jpg 36w, https:\/\/france-resille.com\/wp-content\/uploads\/2022\/02\/cache-radiateur-corail-1-180x180.jpg 180w, https:\/\/france-resille.com\/wp-content\/uploads\/2022\/02\/cache-radiateur-corail-1-705x705.jpg 705w, https:\/\/france-resille.com\/wp-content\/uploads\/2022\/02\/cache-radiateur-corail-1.jpg 1200w\" data-sizes=\"(max-width: 1030px) 100vw, 1030px\"  aria-label=\"image cache-radiateur-corail\"  id='av-masonry-1-item-5152' data-av-masonry-item='5152' class='av-masonry-entry isotope-item post-5152 attachment type-attachment status-inherit hentry  av-masonry-item-with-image' title=\"Cache radiateur motif Corail\" alt=\"\"    itemprop=\"thumbnailUrl\" ><div class='av-inner-masonry-sizer'><\/div><figure class='av-inner-masonry main_color'><div class=\"av-masonry-outerimage-container\"><div class='av-masonry-image-container'   ><img decoding=\"async\" width=\"705\" height=\"705\" fetchpriority=\"high\" class=\"wp-image-5152 avia-img-lazy-loading-not-5152\"  src=\"https:\/\/france-resille.com\/wp-content\/uploads\/2022\/02\/cache-radiateur-corail-1-705x705.jpg\" title=\"Cache radiateur motif Corail\" alt=\"\" srcset=\"https:\/\/france-resille.com\/wp-content\/uploads\/2022\/02\/cache-radiateur-corail-1-705x705.jpg 705w, https:\/\/france-resille.com\/wp-content\/uploads\/2022\/02\/cache-radiateur-corail-1-300x300.jpg 300w, https:\/\/france-resille.com\/wp-content\/uploads\/2022\/02\/cache-radiateur-corail-1-1030x1030.jpg 1030w, https:\/\/france-resille.com\/wp-content\/uploads\/2022\/02\/cache-radiateur-corail-1-80x80.jpg 80w, https:\/\/france-resille.com\/wp-content\/uploads\/2022\/02\/cache-radiateur-corail-1-768x768.jpg 768w, https:\/\/france-resille.com\/wp-content\/uploads\/2022\/02\/cache-radiateur-corail-1-36x36.jpg 36w, https:\/\/france-resille.com\/wp-content\/uploads\/2022\/02\/cache-radiateur-corail-1-180x180.jpg 180w, https:\/\/france-resille.com\/wp-content\/uploads\/2022\/02\/cache-radiateur-corail-1.jpg 1200w\" sizes=\"(max-width: 705px) 100vw, 705px\" \/><\/div><\/div><\/figure><\/a><!--end av-masonry entry--><a href=\"https:\/\/france-resille.com\/wp-content\/uploads\/2022\/02\/decoration-opticien-1030x1030.jpg\" data-srcset=\"https:\/\/france-resille.com\/wp-content\/uploads\/2022\/02\/decoration-opticien-1030x1030.jpg 1030w, https:\/\/france-resille.com\/wp-content\/uploads\/2022\/02\/decoration-opticien-300x300.jpg 300w, https:\/\/france-resille.com\/wp-content\/uploads\/2022\/02\/decoration-opticien-80x80.jpg 80w, https:\/\/france-resille.com\/wp-content\/uploads\/2022\/02\/decoration-opticien-768x768.jpg 768w, https:\/\/france-resille.com\/wp-content\/uploads\/2022\/02\/decoration-opticien-36x36.jpg 36w, https:\/\/france-resille.com\/wp-content\/uploads\/2022\/02\/decoration-opticien-180x180.jpg 180w, https:\/\/france-resille.com\/wp-content\/uploads\/2022\/02\/decoration-opticien-705x705.jpg 705w, https:\/\/france-resille.com\/wp-content\/uploads\/2022\/02\/decoration-opticien.jpg 1185w\" data-sizes=\"(max-width: 1030px) 100vw, 1030px\"  aria-label=\"image 13 x 18 cm. (2)\"  id='av-masonry-1-item-5146' data-av-masonry-item='5146' class='av-masonry-entry isotope-item post-5146 attachment type-attachment status-inherit hentry  av-masonry-item-with-image' title=\"D\u00e9coration dans une boutique d&#039;opticien\" alt=\"\"    itemprop=\"thumbnailUrl\" ><div class='av-inner-masonry-sizer'><\/div><figure class='av-inner-masonry main_color'><div class=\"av-masonry-outerimage-container\"><div class='av-masonry-image-container'   ><img decoding=\"async\" width=\"705\" height=\"705\" fetchpriority=\"high\" class=\"wp-image-5146 avia-img-lazy-loading-not-5146\"  src=\"https:\/\/france-resille.com\/wp-content\/uploads\/2022\/02\/decoration-opticien-705x705.jpg\" title=\"D\u00e9coration dans une boutique d&#039;opticien\" alt=\"\" srcset=\"https:\/\/france-resille.com\/wp-content\/uploads\/2022\/02\/decoration-opticien-705x705.jpg 705w, https:\/\/france-resille.com\/wp-content\/uploads\/2022\/02\/decoration-opticien-300x300.jpg 300w, https:\/\/france-resille.com\/wp-content\/uploads\/2022\/02\/decoration-opticien-1030x1030.jpg 1030w, https:\/\/france-resille.com\/wp-content\/uploads\/2022\/02\/decoration-opticien-80x80.jpg 80w, https:\/\/france-resille.com\/wp-content\/uploads\/2022\/02\/decoration-opticien-768x768.jpg 768w, https:\/\/france-resille.com\/wp-content\/uploads\/2022\/02\/decoration-opticien-36x36.jpg 36w, https:\/\/france-resille.com\/wp-content\/uploads\/2022\/02\/decoration-opticien-180x180.jpg 180w, https:\/\/france-resille.com\/wp-content\/uploads\/2022\/02\/decoration-opticien.jpg 1185w\" sizes=\"(max-width: 705px) 100vw, 705px\" \/><\/div><\/div><\/figure><\/a><!--end av-masonry entry--><a href=\"https:\/\/france-resille.com\/wp-content\/uploads\/2022\/02\/separation-bureau-mikado-1-1030x1030.jpg\" data-srcset=\"https:\/\/france-resille.com\/wp-content\/uploads\/2022\/02\/separation-bureau-mikado-1-1030x1030.jpg 1030w, https:\/\/france-resille.com\/wp-content\/uploads\/2022\/02\/separation-bureau-mikado-1-300x300.jpg 300w, https:\/\/france-resille.com\/wp-content\/uploads\/2022\/02\/separation-bureau-mikado-1-80x80.jpg 80w, https:\/\/france-resille.com\/wp-content\/uploads\/2022\/02\/separation-bureau-mikado-1-768x768.jpg 768w, https:\/\/france-resille.com\/wp-content\/uploads\/2022\/02\/separation-bureau-mikado-1-1536x1536.jpg 1536w, https:\/\/france-resille.com\/wp-content\/uploads\/2022\/02\/separation-bureau-mikado-1-36x36.jpg 36w, https:\/\/france-resille.com\/wp-content\/uploads\/2022\/02\/separation-bureau-mikado-1-180x180.jpg 180w, https:\/\/france-resille.com\/wp-content\/uploads\/2022\/02\/separation-bureau-mikado-1-1500x1500.jpg 1500w, https:\/\/france-resille.com\/wp-content\/uploads\/2022\/02\/separation-bureau-mikado-1-705x705.jpg 705w, https:\/\/france-resille.com\/wp-content\/uploads\/2022\/02\/separation-bureau-mikado-1.jpg 1920w\" data-sizes=\"(max-width: 1030px) 100vw, 1030px\"  aria-label=\"image separation-bureau-mikado\"  id='av-masonry-1-item-5150' data-av-masonry-item='5150' class='av-masonry-entry isotope-item post-5150 attachment type-attachment status-inherit hentry  av-masonry-item-with-image' title=\"S\u00e9paratif Mikado\" alt=\"\"    itemprop=\"thumbnailUrl\" ><div class='av-inner-masonry-sizer'><\/div><figure class='av-inner-masonry main_color'><div class=\"av-masonry-outerimage-container\"><div class='av-masonry-image-container'   ><img decoding=\"async\" width=\"705\" height=\"705\" fetchpriority=\"high\" class=\"wp-image-5150 avia-img-lazy-loading-not-5150\"  src=\"https:\/\/france-resille.com\/wp-content\/uploads\/2022\/02\/separation-bureau-mikado-1-705x705.jpg\" title=\"S\u00e9paratif Mikado\" alt=\"\" srcset=\"https:\/\/france-resille.com\/wp-content\/uploads\/2022\/02\/separation-bureau-mikado-1-705x705.jpg 705w, https:\/\/france-resille.com\/wp-content\/uploads\/2022\/02\/separation-bureau-mikado-1-300x300.jpg 300w, https:\/\/france-resille.com\/wp-content\/uploads\/2022\/02\/separation-bureau-mikado-1-1030x1030.jpg 1030w, https:\/\/france-resille.com\/wp-content\/uploads\/2022\/02\/separation-bureau-mikado-1-80x80.jpg 80w, https:\/\/france-resille.com\/wp-content\/uploads\/2022\/02\/separation-bureau-mikado-1-768x768.jpg 768w, https:\/\/france-resille.com\/wp-content\/uploads\/2022\/02\/separation-bureau-mikado-1-1536x1536.jpg 1536w, https:\/\/france-resille.com\/wp-content\/uploads\/2022\/02\/separation-bureau-mikado-1-36x36.jpg 36w, https:\/\/france-resille.com\/wp-content\/uploads\/2022\/02\/separation-bureau-mikado-1-180x180.jpg 180w, https:\/\/france-resille.com\/wp-content\/uploads\/2022\/02\/separation-bureau-mikado-1-1500x1500.jpg 1500w, https:\/\/france-resille.com\/wp-content\/uploads\/2022\/02\/separation-bureau-mikado-1.jpg 1920w\" sizes=\"(max-width: 705px) 100vw, 705px\" \/><\/div><\/div><\/figure><\/a><!--end av-masonry entry--><a href=\"https:\/\/france-resille.com\/wp-content\/uploads\/2022\/02\/hotel-antibes-panneau-deco-mongolfieres-1-e1645090749549.jpg\"  aria-label=\"image hotel-antibes-panneau-deco-mongolfieres\"  id='av-masonry-1-item-5148' data-av-masonry-item='5148' class='av-masonry-entry isotope-item post-5148 attachment type-attachment status-inherit hentry  av-masonry-item-with-image' title=\"Panneau d\u00e9coratif \u2013 H\u00f4tel Garoupe, Antibes\" alt=\"\"    itemprop=\"thumbnailUrl\" ><div class='av-inner-masonry-sizer'><\/div><figure class='av-inner-masonry main_color'><div class=\"av-masonry-outerimage-container\"><div class='av-masonry-image-container'   ><img decoding=\"async\" width=\"705\" height=\"705\" fetchpriority=\"high\" class=\"wp-image-5148 avia-img-lazy-loading-not-5148\"  src=\"https:\/\/france-resille.com\/wp-content\/uploads\/2022\/02\/hotel-antibes-panneau-deco-mongolfieres-1-705x705.jpg\" title=\"Panneau d\u00e9coratif \u2013 H\u00f4tel Garoupe, Antibes\" alt=\"\" srcset=\"https:\/\/france-resille.com\/wp-content\/uploads\/2022\/02\/hotel-antibes-panneau-deco-mongolfieres-1-705x705.jpg 705w, https:\/\/france-resille.com\/wp-content\/uploads\/2022\/02\/hotel-antibes-panneau-deco-mongolfieres-1-300x300.jpg 300w, https:\/\/france-resille.com\/wp-content\/uploads\/2022\/02\/hotel-antibes-panneau-deco-mongolfieres-1-80x80.jpg 80w, https:\/\/france-resille.com\/wp-content\/uploads\/2022\/02\/hotel-antibes-panneau-deco-mongolfieres-1-768x768.jpg 768w, https:\/\/france-resille.com\/wp-content\/uploads\/2022\/02\/hotel-antibes-panneau-deco-mongolfieres-1-36x36.jpg 36w, https:\/\/france-resille.com\/wp-content\/uploads\/2022\/02\/hotel-antibes-panneau-deco-mongolfieres-1-180x180.jpg 180w, https:\/\/france-resille.com\/wp-content\/uploads\/2022\/02\/hotel-antibes-panneau-deco-mongolfieres-1.jpg 873w\" sizes=\"(max-width: 705px) 100vw, 705px\" \/><\/div><\/div><\/figure><\/a><!--end av-masonry entry--><a href=\"https:\/\/france-resille.com\/wp-content\/uploads\/2022\/02\/ange-retroeclaire-1030x1030.jpg\" data-srcset=\"https:\/\/france-resille.com\/wp-content\/uploads\/2022\/02\/ange-retroeclaire-1030x1030.jpg 1030w, https:\/\/france-resille.com\/wp-content\/uploads\/2022\/02\/ange-retroeclaire-300x300.jpg 300w, https:\/\/france-resille.com\/wp-content\/uploads\/2022\/02\/ange-retroeclaire-80x80.jpg 80w, https:\/\/france-resille.com\/wp-content\/uploads\/2022\/02\/ange-retroeclaire-768x768.jpg 768w, https:\/\/france-resille.com\/wp-content\/uploads\/2022\/02\/ange-retroeclaire-36x36.jpg 36w, https:\/\/france-resille.com\/wp-content\/uploads\/2022\/02\/ange-retroeclaire-180x180.jpg 180w, https:\/\/france-resille.com\/wp-content\/uploads\/2022\/02\/ange-retroeclaire.jpg 1500w, https:\/\/france-resille.com\/wp-content\/uploads\/2022\/02\/ange-retroeclaire-705x705.jpg 705w\" data-sizes=\"(max-width: 1030px) 100vw, 1030px\"  aria-label=\"image ange r\u00e9tro\u00e9clair\u00e9\"  id='av-masonry-1-item-5144' data-av-masonry-item='5144' class='av-masonry-entry isotope-item post-5144 attachment type-attachment status-inherit hentry  av-masonry-item-with-image' title=\"Fresque r\u00e9tro-\u00e9clair\u00e9e H\u00f4pital Parisien\" alt=\"\"    itemprop=\"thumbnailUrl\" ><div class='av-inner-masonry-sizer'><\/div><figure class='av-inner-masonry main_color'><div class=\"av-masonry-outerimage-container\"><div class='av-masonry-image-container'   ><img decoding=\"async\" width=\"705\" height=\"705\" fetchpriority=\"high\" class=\"wp-image-5144 avia-img-lazy-loading-not-5144\"  src=\"https:\/\/france-resille.com\/wp-content\/uploads\/2022\/02\/ange-retroeclaire-705x705.jpg\" title=\"Fresque r\u00e9tro-\u00e9clair\u00e9e H\u00f4pital Parisien\" alt=\"\" srcset=\"https:\/\/france-resille.com\/wp-content\/uploads\/2022\/02\/ange-retroeclaire-705x705.jpg 705w, https:\/\/france-resille.com\/wp-content\/uploads\/2022\/02\/ange-retroeclaire-300x300.jpg 300w, https:\/\/france-resille.com\/wp-content\/uploads\/2022\/02\/ange-retroeclaire-1030x1030.jpg 1030w, https:\/\/france-resille.com\/wp-content\/uploads\/2022\/02\/ange-retroeclaire-80x80.jpg 80w, https:\/\/france-resille.com\/wp-content\/uploads\/2022\/02\/ange-retroeclaire-768x768.jpg 768w, https:\/\/france-resille.com\/wp-content\/uploads\/2022\/02\/ange-retroeclaire-36x36.jpg 36w, https:\/\/france-resille.com\/wp-content\/uploads\/2022\/02\/ange-retroeclaire-180x180.jpg 180w, https:\/\/france-resille.com\/wp-content\/uploads\/2022\/02\/ange-retroeclaire.jpg 1500w\" sizes=\"(max-width: 705px) 100vw, 705px\" \/><\/div><\/div><\/figure><\/a><!--end av-masonry entry--><\/div><\/div>\n","protected":false},"excerpt":{"rendered":"","protected":false},"author":1,"featured_media":0,"parent":0,"menu_order":0,"comment_status":"closed","ping_status":"open","template":"","meta":{"footnotes":""},"class_list":["post-5743","page","type-page","status-publish","hentry"],"yoast_head":"<!-- This site is optimized with the Yoast SEO plugin v26.9 - https:\/\/yoast.com\/product\/yoast-seo-wordpress\/ -->\n<title>INTERIOR LAYOUT &amp; DECORATION<\/title>\n<meta name=\"description\" content=\"Cut metal is coming into our interiors! It&#039;s a real design asset to sublimate the decoration, in cladding, in lighting or furniture\" \/>\n<meta name=\"robots\" content=\"index, follow, max-snippet:-1, max-image-preview:large, max-video-preview:-1\" \/>\n<link rel=\"canonical\" href=\"https:\/\/france-resille.com\/en\/interior-layout-and-decoration\/\" \/>\n<meta property=\"og:locale\" content=\"en_US\" \/>\n<meta property=\"og:type\" content=\"article\" \/>\n<meta property=\"og:title\" content=\"INTERIOR LAYOUT &amp; DECORATION\" \/>\n<meta property=\"og:description\" content=\"Cut metal is coming into our interiors! It&#039;s a real design asset to sublimate the decoration, in cladding, in lighting or furniture\" \/>\n<meta property=\"og:url\" content=\"https:\/\/france-resille.com\/en\/interior-layout-and-decoration\/\" \/>\n<meta property=\"og:site_name\" content=\"France R\u00e9sille\" \/>\n<meta property=\"article:modified_time\" content=\"2022-02-24T10:24:22+00:00\" \/>\n<meta name=\"twitter:label1\" content=\"Est. reading time\" \/>\n\t<meta name=\"twitter:data1\" content=\"1 minute\" \/>\n<script type=\"application\/ld+json\" class=\"yoast-schema-graph\">{\"@context\":\"https:\/\/schema.org\",\"@graph\":[{\"@type\":\"WebPage\",\"@id\":\"https:\/\/france-resille.com\/en\/interior-layout-and-decoration\/\",\"url\":\"https:\/\/france-resille.com\/en\/interior-layout-and-decoration\/\",\"name\":\"INTERIOR LAYOUT & DECORATION\",\"isPartOf\":{\"@id\":\"https:\/\/france-resille.com\/en\/#website\"},\"datePublished\":\"2022-02-24T10:24:17+00:00\",\"dateModified\":\"2022-02-24T10:24:22+00:00\",\"description\":\"Cut metal is coming into our interiors! It's a real design asset to sublimate the decoration, in cladding, in lighting or furniture\",\"breadcrumb\":{\"@id\":\"https:\/\/france-resille.com\/en\/interior-layout-and-decoration\/#breadcrumb\"},\"inLanguage\":\"en-US\",\"potentialAction\":[{\"@type\":\"ReadAction\",\"target\":[\"https:\/\/france-resille.com\/en\/interior-layout-and-decoration\/\"]}]},{\"@type\":\"BreadcrumbList\",\"@id\":\"https:\/\/france-resille.com\/en\/interior-layout-and-decoration\/#breadcrumb\",\"itemListElement\":[{\"@type\":\"ListItem\",\"position\":1,\"name\":\"Accueil\",\"item\":\"https:\/\/france-resille.com\/en\/home\/\"},{\"@type\":\"ListItem\",\"position\":2,\"name\":\"Interior Layout and Decoration\"}]},{\"@type\":\"WebSite\",\"@id\":\"https:\/\/france-resille.com\/en\/#website\",\"url\":\"https:\/\/france-resille.com\/en\/\",\"name\":\"France R\u00e9sille\",\"description\":\"R\u00e9alisation de grille, pare soleil, fa\u00e7ade \u00e0 partir de mat\u00e9riaux d\u00e9coup\u00e9s\",\"potentialAction\":[{\"@type\":\"SearchAction\",\"target\":{\"@type\":\"EntryPoint\",\"urlTemplate\":\"https:\/\/france-resille.com\/en\/?s={search_term_string}\"},\"query-input\":{\"@type\":\"PropertyValueSpecification\",\"valueRequired\":true,\"valueName\":\"search_term_string\"}}],\"inLanguage\":\"en-US\"}]}<\/script>\n<!-- \/ Yoast SEO plugin. -->","yoast_head_json":{"title":"INTERIOR LAYOUT & DECORATION","description":"Cut metal is coming into our interiors! It's a real design asset to sublimate the decoration, in cladding, in lighting or furniture","robots":{"index":"index","follow":"follow","max-snippet":"max-snippet:-1","max-image-preview":"max-image-preview:large","max-video-preview":"max-video-preview:-1"},"canonical":"https:\/\/france-resille.com\/en\/interior-layout-and-decoration\/","og_locale":"en_US","og_type":"article","og_title":"INTERIOR LAYOUT & DECORATION","og_description":"Cut metal is coming into our interiors! It's a real design asset to sublimate the decoration, in cladding, in lighting or furniture","og_url":"https:\/\/france-resille.com\/en\/interior-layout-and-decoration\/","og_site_name":"France R\u00e9sille","article_modified_time":"2022-02-24T10:24:22+00:00","twitter_misc":{"Est. reading time":"1 minute"},"schema":{"@context":"https:\/\/schema.org","@graph":[{"@type":"WebPage","@id":"https:\/\/france-resille.com\/en\/interior-layout-and-decoration\/","url":"https:\/\/france-resille.com\/en\/interior-layout-and-decoration\/","name":"INTERIOR LAYOUT & DECORATION","isPartOf":{"@id":"https:\/\/france-resille.com\/en\/#website"},"datePublished":"2022-02-24T10:24:17+00:00","dateModified":"2022-02-24T10:24:22+00:00","description":"Cut metal is coming into our interiors! It's a real design asset to sublimate the decoration, in cladding, in lighting or furniture","breadcrumb":{"@id":"https:\/\/france-resille.com\/en\/interior-layout-and-decoration\/#breadcrumb"},"inLanguage":"en-US","potentialAction":[{"@type":"ReadAction","target":["https:\/\/france-resille.com\/en\/interior-layout-and-decoration\/"]}]},{"@type":"BreadcrumbList","@id":"https:\/\/france-resille.com\/en\/interior-layout-and-decoration\/#breadcrumb","itemListElement":[{"@type":"ListItem","position":1,"name":"Accueil","item":"https:\/\/france-resille.com\/en\/home\/"},{"@type":"ListItem","position":2,"name":"Interior Layout and Decoration"}]},{"@type":"WebSite","@id":"https:\/\/france-resille.com\/en\/#website","url":"https:\/\/france-resille.com\/en\/","name":"France R\u00e9sille","description":"R\u00e9alisation de grille, pare soleil, fa\u00e7ade \u00e0 partir de mat\u00e9riaux d\u00e9coup\u00e9s","potentialAction":[{"@type":"SearchAction","target":{"@type":"EntryPoint","urlTemplate":"https:\/\/france-resille.com\/en\/?s={search_term_string}"},"query-input":{"@type":"PropertyValueSpecification","valueRequired":true,"valueName":"search_term_string"}}],"inLanguage":"en-US"}]}},"_links":{"self":[{"href":"https:\/\/france-resille.com\/en\/wp-json\/wp\/v2\/pages\/5743","targetHints":{"allow":["GET"]}}],"collection":[{"href":"https:\/\/france-resille.com\/en\/wp-json\/wp\/v2\/pages"}],"about":[{"href":"https:\/\/france-resille.com\/en\/wp-json\/wp\/v2\/types\/page"}],"author":[{"embeddable":true,"href":"https:\/\/france-resille.com\/en\/wp-json\/wp\/v2\/users\/1"}],"replies":[{"embeddable":true,"href":"https:\/\/france-resille.com\/en\/wp-json\/wp\/v2\/comments?post=5743"}],"version-history":[{"count":0,"href":"https:\/\/france-resille.com\/en\/wp-json\/wp\/v2\/pages\/5743\/revisions"}],"wp:attachment":[{"href":"https:\/\/france-resille.com\/en\/wp-json\/wp\/v2\/media?parent=5743"}],"curies":[{"name":"wp","href":"https:\/\/api.w.org\/{rel}","templated":true}]}}